{"id":2599,"date":"2022-07-14T15:25:09","date_gmt":"2022-07-14T13:25:09","guid":{"rendered":"https:\/\/ricq.ch\/?page_id=2599"},"modified":"2023-05-02T11:23:27","modified_gmt":"2023-05-02T09:23:27","slug":"meet-the-members-of-our-team-of-experts-and-architects-in-geneva","status":"publish","type":"page","link":"https:\/\/ricq.ch\/en\/meet-the-members-of-our-team-of-experts-and-architects-in-geneva\/","title":{"rendered":"Meet the members of our team of experts and architects in Geneva"},"content":{"rendered":"<p>[et_pb_section fb_built=\u00a0\u00bb1&Prime; _builder_version=\u00a0\u00bb4.17.3&Prime; _module_preset=\u00a0\u00bbdefault\u00a0\u00bb background_color=\u00a0\u00bb#FFFFFF\u00a0\u00bb custom_margin=\u00a0\u00bb0px||0px||false|false\u00a0\u00bb custom_padding=\u00a0\u00bb0px||0px||false|false\u00a0\u00bb global_colors_info=\u00a0\u00bb{}\u00a0\u00bb][et_pb_row admin_label=\u00a0\u00bbFond menu\u00a0\u00bb _builder_version=\u00a0\u00bb4.17.3&Prime; _module_preset=\u00a0\u00bbdefault\u00a0\u00bb width=\u00a0\u00bb100%\u00a0\u00bb max_width=\u00a0\u00bb100%\u00a0\u00bb custom_margin=\u00a0\u00bb0px|0px|0px|0px|false|false\u00a0\u00bb custom_padding=\u00a0\u00bb0px|0px|0px|0px|false|false\u00a0\u00bb global_colors_info=\u00a0\u00bb{}\u00a0\u00bb][et_pb_column type=\u00a0\u00bb4_4&Prime; _builder_version=\u00a0\u00bb4.17.3&Prime; _module_preset=\u00a0\u00bbdefault\u00a0\u00bb global_colors_info=\u00a0\u00bb{}\u00a0\u00bb][et_pb_text admin_label=\u00a0\u00bbPav\u00e9 de couleur\u00a0\u00bb _builder_version=\u00a0\u00bb4.17.3&Prime; _module_preset=\u00a0\u00bbdefault\u00a0\u00bb background_color=\u00a0\u00bb#000000&Prime; width=\u00a0\u00bb100%\u00a0\u00bb max_width=\u00a0\u00bb100%\u00a0\u00bb height=\u00a0\u00bb140px\u00a0\u00bb global_colors_info=\u00a0\u00bb{}\u00a0\u00bb][\/et_pb_text][\/et_pb_column][\/et_pb_row][et_pb_row column_structure=\u00a0\u00bb1_2,1_2&Prime; admin_label=\u00a0\u00bbTitre de la page\u00a0\u00bb _builder_version=\u00a0\u00bb4.17.3&Prime; _module_preset=\u00a0\u00bbdefault\u00a0\u00bb custom_margin=\u00a0\u00bb100px||||false|false\u00a0\u00bb global_colors_info=\u00a0\u00bb{}\u00a0\u00bb][et_pb_column type=\u00a0\u00bb1_2&Prime; _builder_version=\u00a0\u00bb4.17.3&Prime; _module_preset=\u00a0\u00bbdefault\u00a0\u00bb global_colors_info=\u00a0\u00bb{}\u00a0\u00bb][et_pb_text admin_label=\u00a0\u00bbOur Team\u00a0\u00bb _builder_version=\u00a0\u00bb4.17.3&Prime; _module_preset=\u00a0\u00bbdefault\u00a0\u00bb global_colors_info=\u00a0\u00bb{}\u00a0\u00bb]<\/p>\n<h1 class=\"projettitre capital colorc\">Our Team<\/h1>\n<p>[\/et_pb_text][et_pb_text admin_label=\u00a0\u00bbChapeau de texte\u00a0\u00bb _builder_version=\u00a0\u00bb4.17.3&Prime; _module_preset=\u00a0\u00bbdefault\u00a0\u00bb width=\u00a0\u00bb100%\u00a0\u00bb max_width=\u00a0\u00bb500px\u00a0\u00bb module_alignment=\u00a0\u00bbleft\u00a0\u00bb custom_margin=\u00a0\u00bb|||0px|false|false\u00a0\u00bb custom_padding=\u00a0\u00bb|||0px|false|false\u00a0\u00bb text_orientation_tablet=\u00a0\u00bb\u00a0\u00bb text_orientation_phone=\u00a0\u00bbleft\u00a0\u00bb text_orientation_last_edited=\u00a0\u00bbon|phone\u00a0\u00bb global_colors_info=\u00a0\u00bb{}\u00a0\u00bb]<\/p>\n<p class=\"diapotitre colorc\" style=\"text-align: left;\">We have gathered a unique team of architects, engineers and experts to serve your future real estate project.<\/p>\n<p>[\/et_pb_text][et_pb_text _builder_version=\"4.17.3\u2033 _module_preset=\"default \" global_colors_info=\"{} \"]<\/p>\n<p class=\"colorc\">Ricq Architects designs and executes both private and public architectural projects. The firm is especially attentive to architectural consistency and rigorously monitors all phases of construction to meet its high expectations. Such commitment ensures the aesthetic harmony and sustainability of all properties designed by Ricq Architects.\u00a0<\/p>\n<p class=\"colorc\">The firm commits to developing an architecture that is both responsible and viable. Accordingly, it focuses on the choice of building materials, efficient use of energy, integration into the wider regional context, and the preservation of pre-existing fauna and flora.\u00a0<\/p>\n<p class=\"colorc\">For Ricq Architects, the client relationship is built upon the ability to listen, respect, and adapt. Hence the firm prefers bespoke projects to best meet client needs.\u00a0<\/p>\n<p>[\/et_pb_text][\/et_pb_column][et_pb_column type=\"1_2\u2033 _builder_version=\"4.17.3\u2033 _module_preset=\"default \" global_colors_info=\"{} \"][et_pb_image src= \"https:\/\/ricq.ch\/wp-content\/uploads\/2022\/11\/ricq-bureau-architecte-opt.jpg \" title_text=\"ricq-bureau-architecte-opt \" _builder_version=\"4.17.3\u2033 _module_preset=\"default \" global_colors_info=\"{} \"][\/et_pb_image][et_pb_text _builder_version=\"4.17.3\u2033 _module_preset=\"default \" global_colors_info=\"{} \"]<\/p>\n<p class=\"colorc\">Based in Geneva since 2013, Ricq Architects is active throughout the Lake Geneva region. In 2018, it extended its footprint to Zurich, to develop private and institutional projects with the same rigour, creativity, and initiative for which it is reputed.\u00a0<br \/>\n\u00a0<\/p>\n<p>[\/et_pb_text][\/et_pb_column][\/et_pb_row][et_pb_row column_structure=\u00a0\u00bb1_2,1_2&Prime; _builder_version=\u00a0\u00bb4.17.3&Prime; _module_preset=\u00a0\u00bbdefault\u00a0\u00bb custom_padding=\u00a0\u00bb||200px||false|false\u00a0\u00bb global_colors_info=\u00a0\u00bb{}\u00a0\u00bb][et_pb_column type=\u00a0\u00bb1_2&Prime; _builder_version=\u00a0\u00bb4.17.3&Prime; _module_preset=\u00a0\u00bbdefault\u00a0\u00bb global_colors_info=\u00a0\u00bb{}\u00a0\u00bb][\/et_pb_column][et_pb_column type=\u00a0\u00bb1_2&Prime; _builder_version=\u00a0\u00bb4.17.3&Prime; _module_preset=\u00a0\u00bbdefault\u00a0\u00bb global_colors_info=\u00a0\u00bb{}\u00a0\u00bb][\/et_pb_column][\/et_pb_row][\/et_pb_section][et_pb_section fb_built=\u00a0\u00bb1&Prime; _builder_version=\u00a0\u00bb4.17.3&Prime; _module_preset=\u00a0\u00bbdefault\u00a0\u00bb global_colors_info=\u00a0\u00bb{}\u00a0\u00bb][et_pb_row _builder_version=\u00a0\u00bb4.17.3&Prime; _module_preset=\u00a0\u00bbdefault\u00a0\u00bb global_colors_info=\u00a0\u00bb{}\u00a0\u00bb][et_pb_column type=\u00a0\u00bb4_4&Prime; _builder_version=\u00a0\u00bb4.17.3&Prime; _module_preset=\u00a0\u00bbdefault\u00a0\u00bb global_colors_info=\u00a0\u00bb{}\u00a0\u00bb][et_pb_text _builder_version=\u00a0\u00bb4.17.3&Prime; _module_preset=\u00a0\u00bbdefault\u00a0\u00bb text_orientation=\u00a0\u00bbcenter\u00a0\u00bb text_orientation_tablet=\u00a0\u00bbcenter\u00a0\u00bb text_orientation_phone=\u00a0\u00bbleft\u00a0\u00bb text_orientation_last_edited=\u00a0\u00bbon|phone\u00a0\u00bb global_colors_info=\u00a0\u00bb{}\u00a0\u00bb]<\/p>\n<h2 class=\"projetsoustitre colorc capital\">Our team of architects<\/h2>\n<p>[\/et_pb_text][\/et_pb_column][\/et_pb_row][et_pb_row column_structure=\"1_3,1_3,1_3\u2033 _builder_version=\"4.17.3\u2033 _module_preset=\"default \" background_color=\"#f1f2ee \" width_tablet= \" \" width_phone=\"100% \" width_last_edited=\"on|phone \" custom_margin=\"||50px||false|false \" border_width_all=\"50px \" border_color_all=\"#f1f2ee \" border_width_top=\"20px \" border_width_bottom=\"20px \" global_colors_info=\"{} \"][et_pb_column type=\"1_3\u2033 _builder_version=\"4.17.3\u2033 _module_preset=\"default \" global_colors_info=\"{} \"][et_pb_image src= \"https:\/\/ricq.ch\/wp-content\/uploads\/2022\/11\/photo-Christophe-ricq-opt.jpg \" title_text=\"photo-Christophe-ricq-opt \" _builder_version=\"4.17.3\u2033 _module_preset=\"default \" global_colors_info=\"{} \"][\/et_pb_image][et_pb_text _builder_version=\"4.17.3\u2033 _module_preset=\"default \" global_colors_info=\"{} \"]<\/p>\n<h3 class=\"projetsoustitre colorc capital bold\">Christophe Ricq<br \/><span class=\"light colorc capital\">Architect, CEO<\/span><\/h3>\n<p>[\/et_pb_text][\/et_pb_column][et_pb_column type=\"1_3\u2033 _builder_version=\"4.17.3\u2033 _module_preset=\"default \" global_colors_info=\"{} \"][et_pb_text _builder_version=\"4.17.3\u2033 _module_preset=\"default \" global_colors_info=\"{} \"]<\/p>\n<p class=\"colorc\">Christophe Ricq was born in Geneva in 1975. A lover of art and architecture, he attended the Swiss Federal Institute of Technology (EPFL) and then pursued urban design studies at the Barcelona School of Architecture (ETSAB). His path would also take him to New York, where he worked with Herv\u00e9 Descottes and Peter Gluck successively.\n<\/p>\n<p class=\"colorc\">Ricq completed his studies at the Swiss Federal Institute of Technology in Zurich (ETH Zurich) and earned his stripes at Herzog &amp; de Meuron, before obtaining a diploma for studies supervised by Dietmar Eberle, a specialist in ecological architecture.\u00a0<\/p>\n<p>[\/et_pb_text][\/et_pb_column][et_pb_column type=\"1_3\u2033 _builder_version=\"4.17.3\u2033 _module_preset=\"default \" global_colors_info=\"{} \"][et_pb_text _builder_version=\"4.17.3\u2033 _module_preset=\"default \" global_colors_info=\"{} \"]<\/p>\n<p class=\"colorc\">For ten years, Ricq pursued his career as an architect and project manager at three agencies in Francophone Switzerland, where he managed the development of fifty-some projects.\u00a0<\/p>\n<p class=\"colorc\">In 2013, he founded Ricq Architects in Geneva, receiving a Certificate of Advanced Studies in Fire Protection the next year. And in 2018, Ricq opened a second office in Zurich.\u00a0\n<\/p>\n<p>[\/et_pb_text][\/et_pb_column][\/et_pb_row][et_pb_row column_structure=\u00a0\u00bb1_2,1_2&Prime; _builder_version=\u00a0\u00bb4.21.0&Prime; _module_preset=\u00a0\u00bbdefault\u00a0\u00bb hover_enabled=\u00a0\u00bb0&Prime; global_colors_info=\u00a0\u00bb{}\u00a0\u00bb sticky_enabled=\u00a0\u00bb0&Prime; max_width=\u00a0\u00bb900px\u00a0\u00bb][et_pb_column type=\u00a0\u00bb1_2&Prime; _builder_version=\u00a0\u00bb4.17.3&Prime; _module_preset=\u00a0\u00bbdefault\u00a0\u00bb global_colors_info=\u00a0\u00bb{}\u00a0\u00bb][et_pb_image src=\u00a0\u00bbhttps:\/\/ricq.ch\/wp-content\/uploads\/2023\/05\/profil-Andrea_opt.jpg\u00a0\u00bb title_text=\u00a0\u00bbprofil-Andrea_opt\u00a0\u00bb _builder_version=\u00a0\u00bb4.21.0&Prime; _module_preset=\u00a0\u00bbdefault\u00a0\u00bb width=\u00a0\u00bb250px\u00a0\u00bb hover_enabled=\u00a0\u00bb0&Prime; global_colors_info=\u00a0\u00bb{}\u00a0\u00bb sticky_enabled=\u00a0\u00bb0&Prime;][\/et_pb_image][et_pb_text _builder_version=\u00a0\u00bb4.17.3&Prime; _module_preset=\u00a0\u00bbdefault\u00a0\u00bb global_colors_info=\u00a0\u00bb{}\u00a0\u00bb]<\/p>\n<h3 class=\"projetsoustitre colorc capital bold\">Anrea Riva<br \/><span class=\"light colorc capital\">Architect <\/span><\/h3>\n<p class=\"colorc marginc\">Andrea Riva is originally from Aosta where he was born in 1997. A few years later, he graduated in architecture at the HEPIA in Geneva. His architectural influences are eclectic: Le Corbusier, Renzo Piano, Wright...) Although versatile, Andrea recognizes a marked taste for construction. Ricq Architects is his first experience in practice, started in 2021.<\/p>\n<p>[\/et_pb_text][\/et_pb_column][et_pb_column type=\"1_2\u2033 _builder_version=\"4.17.3\u2033 _module_preset=\"default \" global_colors_info=\"{} \"][et_pb_image src= \"https:\/\/ricq.ch\/wp-content\/uploads\/2022\/11\/Profil-Diana-HD-2.jpg \" title_text=\"Profil-Diana-HD-2\u2033 _builder_version=\"4.17.3\u2033 _module_preset=\"default \" width=\"250px \" global_colors_info=\"{} \"][\/et_pb_image][et_pb_text _builder_version=\"4.17.3\u2033 _module_preset=\"default \" global_colors_info=\"{} \"]<\/p>\n<h3 class=\"projetsoustitre colorc capital bold\">Diana AL HOSNI<br \/>\n<span class=\"light colorc capital\">Architect <\/span><\/h3>\n<p class=\"colorc marginc\">An admirer of the work of Zaha Hadid, Diana Al Hosni was born in Riyadh in 1987. She studied in Homs (Syria), where her family's passion for civil engineering and architecture was nurtured. It is also where she forged her first professional experiences. An inveterate artist and painter in her spare time, her heart finally made her choose Switzerland where she learned French and joined Ricq Architects in early 2022.<\/p>\n<p>[\/et_pb_text][\/et_pb_column][\/et_pb_row][et_pb_row column_structure=\"1_3,1_3,1_3\u2033 _builder_version=\"4.17.3\u2033 _module_preset=\"default \" global_colors_info=\"{} \"][et_pb_column type=\"1_3\u2033 _builder_version=\"4.17.3\u2033 _module_preset=\"default \" global_colors_info=\"{} \"][\/et_pb_column][et_pb_column type=\"1_3\u2033 _builder_version=\"4.17.3\u2033 _module_preset=\"default \" global_colors_info=\"{} \"][\/et_pb_column][et_pb_column type=\"1_3\u2033 _builder_version=\"4.17.3\u2033 _module_preset=\"default \" global_colors_info=\"{} \"][\/et_pb_column][\/et_pb_row][\/et_pb_section][et_pb_section fb_built=\"1\u2033 _builder_version=\"4.17.3\u2033 _module_preset=\"default \" background_color=\"#f1f2ee \" global_colors_info=\"{} \"][et_pb_row _builder_version=\"4.17.3\u2033 _module_preset=\"default \" global_colors_info=\"{} \"][et_pb_column type=\"4_4\u2033 _builder_version=\"4.17.3\u2033 _module_preset=\"default \" global_colors_info=\"{} \"][et_pb_text _builder_version=\"4.17.3\u2033 _module_preset=\"default \" text_orientation=\"center \" text_orientation_tablet=\"center \" text_orientation_phone=\"left \" text_orientation_last_edited=\"on|phone \" global_colors_info=\"{} \"]<\/p>\n<h2 class=\"projetsoustitre colorc capital\">Our team of experts<\/h2>\n<p>[\/et_pb_text][\/et_pb_column][\/et_pb_row][et_pb_row column_structure=\"1_3,1_3,1_3\u2033 _builder_version=\"4.17.3\u2033 _module_preset=\"default \" custom_padding=\"||50px||false|false \" global_colors_info=\"{} \"][et_pb_column type=\"1_3\u2033 _builder_version=\"4.17.3\u2033 _module_preset=\"default \" global_colors_info=\"{} \"][et_pb_image src= \"https:\/\/ricq.ch\/wp-content\/uploads\/2022\/11\/xavier-aymon-ricq-architectes.jpg \" title_text=\"xavier-aymon-ricq-architectes\" _builder_version=\"4.17.3\u2033 _module_preset=\"default \" width=\"250px \" global_colors_info=\"{} \"][\/et_pb_image][et_pb_text _builder_version=\"4.17.3\u2033 _module_preset=\"default \" global_colors_info=\"{} \"]<\/p>\n<h3 class=\"projetsoustitre colorc capital bold\">Xavier Aymon<br \/><span class=\"light colorc capital\">Home Automation Engineer<\/span><\/h3>\n<p class=\"colorc marginc\">This native of the Valais discovered the joys of the technical professions in the family electrical business. He perfected his training with a diploma from the engineering school in Yverdon. Very attracted by functional design, he discovered with greed the work of Jean Prouv\u00e9, Le Corbusier, Giacometti or Bruno Munari. His holistic approach allows him to develop complex home automation solutions as well as LED lighting solutions available in the most prestigious design boutiques in Switzerland.<\/p>\n<p>[\/et_pb_text][\/et_pb_column][et_pb_column type=\"1_3\u2033 _builder_version=\"4.17.3\u2033 _module_preset=\"default \" global_colors_info=\"{} \"][et_pb_image src= \"https:\/\/ricq.ch\/wp-content\/uploads\/2022\/10\/yannick-mathieu-ricq-architectes.jpg \" title_text=\"yannick-mathieu-ricq-architectes \" _builder_version=\"4.17.3\u2033 _module_preset=\"default \" width=\"250px \" global_colors_info=\"{} \"][\/et_pb_image][et_pb_text _builder_version=\"4.17.3\u2033 _module_preset=\"default \" global_colors_info=\"{} \"]<\/p>\n<h3 class=\"projetsoustitre colorc capital bold\">Yannick Mathieu<br \/>\n<span class=\"light colorc capital\">Civil Engineer<\/span><\/h3>\n<p class=\"colorc marginc\">This indefatigable mountain man first made his imagination travel on the IGN maps of his childhood. The paths of life being what they are, he finally became a civil engineer. He began his career designing ski lifts all over France. He returned to his hometown of Evian and was called upon to supervise the construction of the CEVA (L\u00e9man Express) cut and cover. He begins his collaboration with Ricq Architects on a villa in Mie and intervenes since then on many projects.<\/p>\n<p>[\/et_pb_text][\/et_pb_column][et_pb_column type=\"1_3\u2033 _builder_version=\"4.17.3\u2033 _module_preset=\"default \" global_colors_info=\"{} \"][et_pb_image src= \"https:\/\/ricq.ch\/wp-content\/uploads\/2022\/10\/thevenon.jpg \" title_text=\"thevenon \" _builder_version=\"4.17.3\u2033 _module_preset=\"default \" width=\"250px \" global_colors_info=\"{} \"][\/et_pb_image][et_pb_text _builder_version=\"4.17.3\u2033 _module_preset=\"default \" global_colors_info=\"{} \"]<\/p>\n<h3 class=\"projetsoustitre colorc capital bold\">PHILIPPE THEVENON<br \/>\n<span class=\"light colorc capital\">LIGHT DESIGNER<\/span><\/h3>\n<p class=\"colorc marginc\">This Genevan by adoption had a passion for architecture. Self-taught, he developed a remarkable and noticed competence for LED lighting which he validated with a diploma. He regularly reviews his classics with Chipperfield, Dienner, Piano, Herzog and de Meuron during various collaborations. Philippe approaches light as the fourth dimension of architecture and that&rsquo;s why he is precious!\/p>[\/et_pb_text][\/et_pb_column][\/et_pb_row][et_pb_row column_structure=\u00a0\u00bb1_3,1_3,1_3&Prime; _builder_version=\u00a0\u00bb4.17.3&Prime; _module_preset=\u00a0\u00bbdefault\u00a0\u00bb global_colors_info=\u00a0\u00bb{}\u00a0\u00bb][et_pb_column type=\u00a0\u00bb1_3&Prime; _builder_version=\u00a0\u00bb4.17.3&Prime; _module_preset=\u00a0\u00bbdefault\u00a0\u00bb global_colors_info=\u00a0\u00bb{}\u00a0\u00bb][et_pb_image src=\u00a0\u00bbhttps:\/\/ricq.ch\/wp-content\/uploads\/2022\/11\/laurent-frentzel.jpg\u00a0\u00bb title_text=\u00a0\u00bblaurent-frentzel\u00a0\u00bb _builder_version=\u00a0\u00bb4.17.3&Prime; _module_preset=\u00a0\u00bbdefault\u00a0\u00bb width=\u00a0\u00bb250px\u00a0\u00bb global_colors_info=\u00a0\u00bb{}\u00a0\u00bb][\/et_pb_image][et_pb_text _builder_version=\u00a0\u00bb4.17.3&Prime; _module_preset=\u00a0\u00bbdefault\u00a0\u00bb global_colors_info=\u00a0\u00bb{}\u00a0\u00bb]<\/p>\n<h3 class=\"projetsoustitre colorc capital bold\">Laurent Frentzel<br \/>\n<span class=\"light colorc capital\">Swimming pool &amp; Spa expert<\/span><\/h3>\n<p class=\"colorc marginc\">Before becoming one of the best specialists in Wellness equipment in French-speaking Switzerland, Laurent is first and foremost a talented entrepreneur. With ties to the Rusti Graben, it is finally on the Californian coast that he will find the object of his success. Always ahead of his time, and this for more than 20 years, Laurent has the talent to propose relevant Spa \/ Wellness solutions that are perfectly adapted to our quality standards as well as to the desires of our customers.<\/p>\n<p>[\/et_pb_text][\/et_pb_column][et_pb_column type=\"1_3\u2033 _builder_version=\"4.17.3\u2033 _module_preset=\"default \" global_colors_info=\"{} \"][et_pb_image src= \"https:\/\/ricq.ch\/wp-content\/uploads\/2022\/10\/kristoff-droin-ricq-architectes.jpg \" title_text=\"kristoff-droin-ricq-architectes \" _builder_version=\"4.17.3\u2033 _module_preset=\"default \" width=\"250px \" global_colors_info=\"{} \"][\/et_pb_image][et_pb_text _builder_version=\"4.17.3\u2033 _module_preset=\"default \" global_colors_info=\"{} \"]<\/p>\n<h3 class=\"projetsoustitre colorc capital bold\">Kristoff Droin<br \/>\n<span class=\"light colorc capital\">Materials Expert<\/span><\/h3>\n<p class=\"colorc marginc\">Kristoff Droin was born in Paris. This passionate of stone and marble found his vocation by frequenting very young an Italian marble craftsman who transmitted to him the taste of beautiful things well done. Today, Kristoff Droin works alongside the greatest international decorators. His 80 collaborators work daily on ambitious projects. He works for Ricq Architects as an expert in flooring, marble and tiles.<\/p>\n<p>[\/et_pb_text][\/et_pb_column][et_pb_column type=\"1_3\u2033 _builder_version=\"4.17.3\u2033 _module_preset=\"default \" global_colors_info=\"{} \"][et_pb_image src= \"https:\/\/ricq.ch\/wp-content\/uploads\/2022\/10\/cesar-sandoz-ricq-architectes.jpg \" title_text=\"cesar-sandoz-ricq-architectes \" _builder_version=\"4.17.3\u2033 _module_preset=\"default \" width=\"250px \" global_colors_info=\"{} \"][\/et_pb_image][et_pb_text _builder_version=\"4.17.3\u2033 _module_preset=\"default \" global_colors_info=\"{} \"]<\/p>\n<h3 class=\"projetsoustitre colorc capital bold\">C\u00c9SAR SANDOZ<br \/>\n<span class=\"light colorc capital\">Expert fireplace<\/span><\/h3>\n<p class=\"colorc marginc\">This native of Estavayer, le Lac, has made a fine reputation in French-speaking Switzerland as a specialist in fireplaces and stoves. Whether they are electric or gas, the creations of C\u00e9sar Sandoz are masterpieces that make the homes thus equipped more comfortable and more convivial. This design enthusiast is an adept of small is beautiful. In fact, he has been working in pairs and only in pairs for over 13 years and the formula is always a winner for his customers.<\/p>\n<p>[\/et_pb_text][\/et_pb_column][\/et_pb_row][et_pb_row column_structure=\"1_3,1_3,1_3\u2033 _builder_version=\"4.17.3\u2033 _module_preset=\"default \" global_colors_info=\"{} \"][et_pb_column type=\"1_3\u2033 _builder_version=\"4.17.3\u2033 _module_preset=\"default \" global_colors_info=\"{} \"][\/et_pb_column][et_pb_column type=\"1_3\u2033 _builder_version=\"4.17.3\u2033 _module_preset=\"default \" global_colors_info=\"{} \"][\/et_pb_column][et_pb_column type=\"1_3\u2033 _builder_version=\"4.17.3\u2033 _module_preset=\"default \" global_colors_info=\"{} \"][\/et_pb_column][\/et_pb_row][\/et_pb_section]<\/p>","protected":false},"excerpt":{"rendered":"<p>We have gathered a unique team of architects, engineers and experts to serve your future real estate project.<\/p>","protected":false},"author":2,"featured_media":1512,"parent":0,"menu_order":0,"comment_status":"closed","ping_status":"closed","template":"","meta":{"_acf_changed":false,"_et_pb_use_builder":"on","_et_pb_old_content":"<p>[et_pb_section fb_built=\"1\" _builder_version=\"4.17.3\" _module_preset=\"default\" background_color=\"#FFFFFF\" custom_margin=\"0px||0px||false|false\" custom_padding=\"0px||0px||false|false\" global_colors_info=\"{}\"][et_pb_row admin_label=\"Fond menu\" _builder_version=\"4.17.3\" _module_preset=\"default\" width=\"100%\" max_width=\"100%\" custom_margin=\"0px|0px|0px|0px|false|false\" custom_padding=\"0px|0px|0px|0px|false|false\" global_colors_info=\"{}\"][et_pb_column type=\"4_4\" _builder_version=\"4.17.3\" _module_preset=\"default\" global_colors_info=\"{}\"][et_pb_text admin_label=\"Pav\u00e9 de couleur\" _builder_version=\"4.17.3\" _module_preset=\"default\" background_color=\"#000000\" width=\"100%\" max_width=\"100%\" height=\"140px\" global_colors_info=\"{}\"][\/et_pb_text][\/et_pb_column][\/et_pb_row][et_pb_row column_structure=\"1_2,1_2\" admin_label=\"Titre de la page\" _builder_version=\"4.17.3\" _module_preset=\"default\" custom_margin=\"100px||||false|false\" global_colors_info=\"{}\"][et_pb_column type=\"1_2\" _builder_version=\"4.17.3\" _module_preset=\"default\" global_colors_info=\"{}\"][et_pb_text admin_label=\"Nos r\u00e9alisations\" _builder_version=\"4.17.3\" _module_preset=\"default\" global_colors_info=\"{}\"]<\/p><h1 class=\"projettitre capital colorc\">Notre Bureau<\/h1><p>[\/et_pb_text][et_pb_text admin_label=\"Chapeau de texte\" _builder_version=\"4.17.3\" _module_preset=\"default\" width=\"500px\" text_orientation_tablet=\"\" text_orientation_phone=\"left\" text_orientation_last_edited=\"on|phone\" global_colors_info=\"{}\"]<\/p><p class=\"diapotitre colorc\" style=\"text-align: left;\">Nous avons rassembl\u00e9 une \u00e9quipe unique d\u2019architectes, d\u2019ing\u00e9nieurs et d\u2019experts au service de votre futur projet immobilier.<\/p><p>[\/et_pb_text][et_pb_text _builder_version=\"4.17.3\" _module_preset=\"default\" global_colors_info=\"{}\"]<\/p><p class=\"colorc\">Ricq Architectes con\u00e7oit et r\u00e9alise des projets architecturaux priv\u00e9s comme publics. Le bureau apporte un soin particulier \u00e0 la coh\u00e9rence du concept architectural et suit avec rigueur et exigence toutes les \u00e9tapes de construction. Cet engagement garantit coh\u00e9rence et p\u00e9rennit\u00e9 \u00e0 chacun des projets port\u00e9s par Ricq Architectes.<\/p><p class=\"colorc\">Le bureau veille \u00e0 d\u00e9velopper une architecture durable et responsable. Une attention est ainsi pr\u00eat\u00e9e au choix des mat\u00e9riaux, \u00e0 la ma\u00eetrise des besoins \u00e9nerg\u00e9tiques, \u00e0 l\u2019int\u00e9gration dans le territoire et enfin, \u00e0 la pr\u00e9servation de la faune et de la flore pr\u00e9existante.<\/p><p class=\"colorc\">Chez Ricq Architectes, \u00e9coute, respect et adaptabilit\u00e9 fondent le socle de la relation avec le client. Le bureau privil\u00e9gie ainsi les projets sur-mesure pour demeurer au plus proche des besoins de ses clients.<\/p><p>[\/et_pb_text][\/et_pb_column][et_pb_column type=\"1_2\" _builder_version=\"4.17.3\" _module_preset=\"default\" global_colors_info=\"{}\"][et_pb_image src=\"https:\/\/ricq.ch\/wp-content\/uploads\/2022\/07\/photo-ricq.jpg\" title_text=\"photo-ricq\" _builder_version=\"4.17.3\" _module_preset=\"default\" global_colors_info=\"{}\"][\/et_pb_image][et_pb_text _builder_version=\"4.17.3\" _module_preset=\"default\" global_colors_info=\"{}\"]<\/p><p class=\"colorc\">Le bureau est pr\u00e9sent depuis 2013 \u00e0 Gen\u00e8ve et actif sur l\u2019ensemble de l\u2019Arc l\u00e9manique. Il s\u2019est \u00e9tendu \u00e0 Zurich depuis 2018 pour y d\u00e9velopper des projets aussi bien priv\u00e9s qu\u2019institutionnels, avec la rigueur, la cr\u00e9ativit\u00e9 et la force de proposition qui le caract\u00e9risent.<\/p><p>[\/et_pb_text][\/et_pb_column][\/et_pb_row][et_pb_row column_structure=\"1_2,1_2\" _builder_version=\"4.17.3\" _module_preset=\"default\" custom_padding=\"||200px||false|false\" global_colors_info=\"{}\"][et_pb_column type=\"1_2\" _builder_version=\"4.17.3\" _module_preset=\"default\" global_colors_info=\"{}\"][\/et_pb_column][et_pb_column type=\"1_2\" _builder_version=\"4.17.3\" _module_preset=\"default\" global_colors_info=\"{}\"][\/et_pb_column][\/et_pb_row][\/et_pb_section][et_pb_section fb_built=\"1\" _builder_version=\"4.17.3\" _module_preset=\"default\" global_colors_info=\"{}\"][et_pb_row _builder_version=\"4.17.3\" _module_preset=\"default\" global_colors_info=\"{}\"][et_pb_column type=\"4_4\" _builder_version=\"4.17.3\" _module_preset=\"default\" global_colors_info=\"{}\"][et_pb_text _builder_version=\"4.17.3\" _module_preset=\"default\" text_orientation=\"center\" global_colors_info=\"{}\"]<\/p><h2 class=\"projetsoustitre colorc capital\">Notre \u00e9quipe d'architecture<\/h2><p>[\/et_pb_text][\/et_pb_column][\/et_pb_row][et_pb_row column_structure=\"1_3,1_3,1_3\" _builder_version=\"4.17.3\" _module_preset=\"default\" background_color=\"#f1f2ee\" custom_margin=\"||50px||false|false\" border_width_all=\"50px\" border_color_all=\"#f1f2ee\" border_width_top=\"20px\" border_width_bottom=\"20px\" global_colors_info=\"{}\"][et_pb_column type=\"1_3\" _builder_version=\"4.17.3\" _module_preset=\"default\" global_colors_info=\"{}\"][et_pb_image src=\"https:\/\/ricq.ch\/wp-content\/uploads\/2022\/07\/photo-Christophe.jpeg\" title_text=\"photo-Christophe\" _builder_version=\"4.17.3\" _module_preset=\"default\" global_colors_info=\"{}\"][\/et_pb_image][et_pb_text _builder_version=\"4.17.3\" _module_preset=\"default\" global_colors_info=\"{}\"]<\/p><h3 class=\"projetsoustitre colorc capital bold\">Christophe Ricq<br \/><span class=\" light colorc capital\">Architecte, Directeur<\/span><\/h3><p>[\/et_pb_text][\/et_pb_column][et_pb_column type=\"1_3\" _builder_version=\"4.17.3\" _module_preset=\"default\" global_colors_info=\"{}\"][et_pb_text _builder_version=\"4.17.3\" _module_preset=\"default\" global_colors_info=\"{}\"]<\/p><p class=\"colorc\">Christophe Ricq est n\u00e9 en 1975 \u00e0 Gen\u00e8ve. Passionn\u00e9 d\u2019art et d\u2019architecture, il entreprend des \u00e9tudes \u00e0 l\u2019\u00c9cole polytechnique f\u00e9d\u00e9rale de Lausanne (EPFL) avant de poursuivre une sp\u00e9cialisation en urbanisme \u00e0 l\u2019\u00c9cole technique sup\u00e9rieure d\u2019architecture de Barcelone (ETSAB).<\/p><p class=\"colorc\">Son parcours le m\u00e8ne aussi \u00e0 New York, o\u00f9 il collabore successivement avec Herv\u00e9 Descottes et Peter Gluck.<\/p><p class=\"colorc\">Il ach\u00e8ve ses \u00e9tudes \u00e0 l\u2019\u00c9cole polytechnique f\u00e9d\u00e9rale de Zurich (EPFZ) et fait ses armes au sein du bureau d\u2019\u00e9tudes et d\u2019analyses urbanistiques Herzog & de Meuron, avant d\u2019obtenir son dipl\u00f4me sous la direction de Dietmar Eberle, sp\u00e9cialiste de l\u2019architecture \u00e9cologique.<\/p><p>[\/et_pb_text][\/et_pb_column][et_pb_column type=\"1_3\" _builder_version=\"4.17.3\" _module_preset=\"default\" global_colors_info=\"{}\"][et_pb_text _builder_version=\"4.17.3\" _module_preset=\"default\" global_colors_info=\"{}\"]<\/p><p class=\"colorc\">Durant dix ans, Christophe Ricq poursuit sa carri\u00e8re comme architecte et chef de projet au sein de trois bureaux romands, o\u00f9 il y g\u00e8re le d\u00e9veloppement d\u2019une cinquantaine de projets.<\/p><p class=\"colorc\">En 2013, il fonde Ricq Architectes \u00e0 Gen\u00e8ve et obtient l\u2019ann\u00e9e suivante une sp\u00e9cialisation en protection incendie. En 2018, il ouvre un second bureau \u00e0 Zurich.<\/p><p>[\/et_pb_text][\/et_pb_column][\/et_pb_row][et_pb_row column_structure=\"1_3,1_3,1_3\" _builder_version=\"4.17.3\" _module_preset=\"default\" global_colors_info=\"{}\"][et_pb_column type=\"1_3\" _builder_version=\"4.17.3\" _module_preset=\"default\" global_colors_info=\"{}\"][et_pb_image src=\"https:\/\/ricq.ch\/wp-content\/uploads\/2022\/07\/profil03.jpg\" title_text=\"profil03\" _builder_version=\"4.17.3\" _module_preset=\"default\" width=\"250px\" global_colors_info=\"{}\"][\/et_pb_image][et_pb_text _builder_version=\"4.17.3\" _module_preset=\"default\" global_colors_info=\"{}\"]<\/p><h3 class=\"projetsoustitre colorc capital bold\">Ana Freitas<br \/><span class=\" light colorc capital\">Architecte <\/span><\/h3><p class=\"colorc marginc\">Proinde die funestis interrogationibus praestituto imaginarius iudex equitum resedit magister adhibitis aliis iam quae essent agenda praedoctis, et adsistebant hinc inde notarii, quid quaesitum esset, quidve responsum, cursim ad Caesarem perferentes, cuius imperio truci<\/p><p>[\/et_pb_text][\/et_pb_column][et_pb_column type=\"1_3\" _builder_version=\"4.17.3\" _module_preset=\"default\" global_colors_info=\"{}\"][et_pb_image src=\"https:\/\/ricq.ch\/wp-content\/uploads\/2022\/07\/profil06.jpg\" title_text=\"profil06\" _builder_version=\"4.17.3\" _module_preset=\"default\" width=\"250px\" global_colors_info=\"{}\"][\/et_pb_image][et_pb_text _builder_version=\"4.17.3\" _module_preset=\"default\" global_colors_info=\"{}\"]<\/p><h3 class=\"projetsoustitre colorc capital bold\">Anrea Riva<br \/><span class=\"light colorc capital\">Architecte <\/span><\/h3><p class=\"colorc\">Proinde die funestis interrogationibus praestituto imaginarius iudex equitum resedit magister adhibitis aliis iam quae essent agenda praedoctis, et adsistebant hinc inde notarii, quid quaesitum esset, quidve responsum, cursim ad Caesarem perferentes, cuius imperio truci<\/p><p>[\/et_pb_text][\/et_pb_column][et_pb_column type=\"1_3\" _builder_version=\"4.17.3\" _module_preset=\"default\" global_colors_info=\"{}\"][et_pb_image src=\"https:\/\/ricq.ch\/wp-content\/uploads\/2022\/07\/profil02.jpg\" title_text=\"profil02\" _builder_version=\"4.17.3\" _module_preset=\"default\" width=\"250px\" global_colors_info=\"{}\"][\/et_pb_image][et_pb_text _builder_version=\"4.17.3\" _module_preset=\"default\" global_colors_info=\"{}\"]<\/p><h3 class=\"projetsoustitre colorc capital bold\">Diana AL HOSNI<br \/><span class=\"light colorc capital\">Architecte <\/span><\/h3><p class=\"colorc\">Proinde die funestis interrogationibus praestituto imaginarius iudex equitum resedit magister adhibitis aliis iam quae essent agenda praedoctis, et adsistebant hinc inde notarii, quid quaesitum esset, quidve responsum, cursim ad Caesarem perferentes, cuius imperio truci<\/p><p>[\/et_pb_text][\/et_pb_column][\/et_pb_row][et_pb_row column_structure=\"1_3,1_3,1_3\" _builder_version=\"4.17.3\" _module_preset=\"default\" global_colors_info=\"{}\"][et_pb_column type=\"1_3\" _builder_version=\"4.17.3\" _module_preset=\"default\" global_colors_info=\"{}\"][\/et_pb_column][et_pb_column type=\"1_3\" _builder_version=\"4.17.3\" _module_preset=\"default\" global_colors_info=\"{}\"][\/et_pb_column][et_pb_column type=\"1_3\" _builder_version=\"4.17.3\" _module_preset=\"default\" global_colors_info=\"{}\"][\/et_pb_column][\/et_pb_row][\/et_pb_section][et_pb_section fb_built=\"1\" _builder_version=\"4.17.3\" _module_preset=\"default\" background_color=\"#f1f2ee\" global_colors_info=\"{}\"][et_pb_row _builder_version=\"4.17.3\" _module_preset=\"default\" global_colors_info=\"{}\"][et_pb_column type=\"4_4\" _builder_version=\"4.17.3\" _module_preset=\"default\" global_colors_info=\"{}\"][et_pb_text _builder_version=\"4.17.3\" _module_preset=\"default\" text_orientation=\"center\" global_colors_info=\"{}\"]<\/p><h2 class=\"projetsoustitre colorc capital\">Notre \u00e9quipe d'experts<\/h2><p>[\/et_pb_text][\/et_pb_column][\/et_pb_row][et_pb_row column_structure=\"1_3,1_3,1_3\" _builder_version=\"4.17.3\" _module_preset=\"default\" custom_padding=\"||50px||false|false\" global_colors_info=\"{}\"][et_pb_column type=\"1_3\" _builder_version=\"4.17.3\" _module_preset=\"default\" global_colors_info=\"{}\"][et_pb_image src=\"https:\/\/ricq.ch\/wp-content\/uploads\/2022\/07\/profil04.jpg\" title_text=\"profil04\" _builder_version=\"4.17.3\" _module_preset=\"default\" width=\"250px\" global_colors_info=\"{}\"][\/et_pb_image][et_pb_text _builder_version=\"4.17.3\" _module_preset=\"default\" global_colors_info=\"{}\"]<\/p><h3 class=\"projetsoustitre colorc capital bold\">Xavier Aymon<br \/><span class=\" light colorc capital\">Ing\u00e9nieur Domotique <\/span><\/h3><p class=\"colorc marginc\">Proinde die funestis interrogationibus praestituto imaginarius iudex equitum resedit magister adhibitis aliis iam quae essent agenda praedoctis, et adsistebant hinc inde notarii, quid quaesitum esset, quidve responsum, cursim ad Caesarem perferentes, cuius imperio truci<\/p><p>[\/et_pb_text][\/et_pb_column][et_pb_column type=\"1_3\" _builder_version=\"4.17.3\" _module_preset=\"default\" global_colors_info=\"{}\"][et_pb_image src=\"https:\/\/ricq.ch\/wp-content\/uploads\/2022\/07\/profil06.jpg\" title_text=\"profil06\" _builder_version=\"4.17.3\" _module_preset=\"default\" width=\"250px\" global_colors_info=\"{}\"][\/et_pb_image][et_pb_text _builder_version=\"4.17.3\" _module_preset=\"default\" global_colors_info=\"{}\"]<\/p><h3 class=\"projetsoustitre colorc capital bold\">Yannick Mathieu<br \/><span class=\"light colorc capital\">Ing\u00e9nieur Civil <\/span><\/h3><p class=\"colorc\">Proinde die funestis interrogationibus praestituto imaginarius iudex equitum resedit magister adhibitis aliis iam quae essent agenda praedoctis, et adsistebant hinc inde notarii, quid quaesitum esset, quidve responsum, cursim ad Caesarem perferentes, cuius imperio truci<\/p><p>[\/et_pb_text][\/et_pb_column][et_pb_column type=\"1_3\" _builder_version=\"4.17.3\" _module_preset=\"default\" global_colors_info=\"{}\"][et_pb_image src=\"https:\/\/ricq.ch\/wp-content\/uploads\/2022\/07\/profil05.jpg\" title_text=\"profil05\" _builder_version=\"4.17.3\" _module_preset=\"default\" width=\"250px\" global_colors_info=\"{}\"][\/et_pb_image][et_pb_text _builder_version=\"4.17.3\" _module_preset=\"default\" global_colors_info=\"{}\"]<\/p><h3 class=\"projetsoustitre colorc capital bold\">Marc Junod<br \/><span class=\"light colorc capital\">Sp\u00e9cialiste Jardin<\/span><\/h3><p class=\"colorc\">Proinde die funestis interrogationibus praestituto imaginarius iudex equitum resedit magister adhibitis aliis iam quae essent agenda praedoctis, et adsistebant hinc inde notarii, quid quaesitum esset, quidve responsum, cursim ad Caesarem perferentes, cuius imperio truci<\/p><p>[\/et_pb_text][\/et_pb_column][\/et_pb_row][et_pb_row column_structure=\"1_3,1_3,1_3\" _builder_version=\"4.17.3\" _module_preset=\"default\" global_colors_info=\"{}\"][et_pb_column type=\"1_3\" _builder_version=\"4.17.3\" _module_preset=\"default\" global_colors_info=\"{}\"][et_pb_image src=\"https:\/\/ricq.ch\/wp-content\/uploads\/2022\/07\/profil07.jpg\" title_text=\"profil07\" _builder_version=\"4.17.3\" _module_preset=\"default\" width=\"250px\" global_colors_info=\"{}\"][\/et_pb_image][et_pb_text _builder_version=\"4.17.3\" _module_preset=\"default\" global_colors_info=\"{}\"]<\/p><h3 class=\"projetsoustitre colorc capital bold\">Laurent Frentzel<br \/><span class=\" light colorc capital\">Expert piscine & Spa<\/span><\/h3><p class=\"colorc marginc\">Proinde die funestis interrogationibus praestituto imaginarius iudex equitum resedit magister adhibitis aliis iam quae essent agenda praedoctis, et adsistebant hinc inde notarii, quid quaesitum esset, quidve responsum, cursim ad Caesarem perferentes, cuius imperio truci<\/p><p>[\/et_pb_text][\/et_pb_column][et_pb_column type=\"1_3\" _builder_version=\"4.17.3\" _module_preset=\"default\" global_colors_info=\"{}\"][et_pb_image src=\"https:\/\/ricq.ch\/wp-content\/uploads\/2022\/07\/profil01.jpg\" title_text=\"profil01\" _builder_version=\"4.17.3\" _module_preset=\"default\" width=\"250px\" global_colors_info=\"{}\"][\/et_pb_image][et_pb_text _builder_version=\"4.17.3\" _module_preset=\"default\" hover_enabled=\"0\" global_colors_info=\"{}\" sticky_enabled=\"0\"]<\/p><h3 class=\"projetsoustitre colorc capital bold\">Kristoff Droin<br \/><span class=\"light colorc capital\">Expert Materiaux<\/span><\/h3><p class=\"colorc\">Proinde die funestis interrogationibus praestituto imaginarius iudex equitum resedit magister adhibitis aliis iam quae essent agenda praedoctis, et adsistebant hinc inde notarii, quid quaesitum esset, quidve responsum, cursim ad Caesarem perferentes, cuius imperio truci<\/p><p>[\/et_pb_text][\/et_pb_column][et_pb_column type=\"1_3\" _builder_version=\"4.17.3\" _module_preset=\"default\" global_colors_info=\"{}\"][et_pb_image src=\"https:\/\/ricq.ch\/wp-content\/uploads\/2022\/07\/profil06.jpg\" title_text=\"profil06\" _builder_version=\"4.17.3\" _module_preset=\"default\" width=\"250px\" global_colors_info=\"{}\"][\/et_pb_image][et_pb_text _builder_version=\"4.17.3\" _module_preset=\"default\" global_colors_info=\"{}\"]<\/p><h3 class=\"projetsoustitre colorc capital bold\">Philippe Thevenon<br \/><span class=\"light colorc capital\">Expert eclairage<\/span><\/h3><p class=\"colorc\">Proinde die funestis interrogationibus praestituto imaginarius iudex equitum resedit magister adhibitis aliis iam quae essent agenda praedoctis, et adsistebant hinc inde notarii, quid quaesitum esset, quidve responsum, cursim ad Caesarem perferentes, cuius imperio truci<\/p><p>[\/et_pb_text][\/et_pb_column][\/et_pb_row][et_pb_row column_structure=\"1_3,1_3,1_3\" _builder_version=\"4.17.3\" _module_preset=\"default\" global_colors_info=\"{}\"][et_pb_column type=\"1_3\" _builder_version=\"4.17.3\" _module_preset=\"default\" global_colors_info=\"{}\"][\/et_pb_column][et_pb_column type=\"1_3\" _builder_version=\"4.17.3\" _module_preset=\"default\" global_colors_info=\"{}\"][\/et_pb_column][et_pb_column type=\"1_3\" _builder_version=\"4.17.3\" _module_preset=\"default\" global_colors_info=\"{}\"][\/et_pb_column][\/et_pb_row][\/et_pb_section]<\/p>","_et_gb_content_width":"","footnotes":""},"class_list":["post-2599","page","type-page","status-publish","has-post-thumbnail","hentry"],"acf":[],"_links":{"self":[{"href":"https:\/\/ricq.ch\/en\/wp-json\/wp\/v2\/pages\/2599","targetHints":{"allow":["GET"]}}],"collection":[{"href":"https:\/\/ricq.ch\/en\/wp-json\/wp\/v2\/pages"}],"about":[{"href":"https:\/\/ricq.ch\/en\/wp-json\/wp\/v2\/types\/page"}],"author":[{"embeddable":true,"href":"https:\/\/ricq.ch\/en\/wp-json\/wp\/v2\/users\/2"}],"replies":[{"embeddable":true,"href":"https:\/\/ricq.ch\/en\/wp-json\/wp\/v2\/comments?post=2599"}],"version-history":[{"count":10,"href":"https:\/\/ricq.ch\/en\/wp-json\/wp\/v2\/pages\/2599\/revisions"}],"predecessor-version":[{"id":4221,"href":"https:\/\/ricq.ch\/en\/wp-json\/wp\/v2\/pages\/2599\/revisions\/4221"}],"wp:featuredmedia":[{"embeddable":true,"href":"https:\/\/ricq.ch\/en\/wp-json\/wp\/v2\/media\/1512"}],"wp:attachment":[{"href":"https:\/\/ricq.ch\/en\/wp-json\/wp\/v2\/media?parent=2599"}],"curies":[{"name":"wp","href":"https:\/\/api.w.org\/{rel}","templated":true}]}}