{"id":1506,"date":"2022-07-14T15:25:09","date_gmt":"2022-07-14T13:25:09","guid":{"rendered":"https:\/\/ricq.ch\/?page_id=1506"},"modified":"2024-11-07T15:54:48","modified_gmt":"2024-11-07T14:54:48","slug":"rencontrez-les-membres-de-notre-equipe-dexperts-et-darchitectes-a-geneve","status":"publish","type":"page","link":"https:\/\/ricq.ch\/en\/rencontrez-les-membres-de-notre-equipe-dexperts-et-darchitectes-a-geneve\/","title":{"rendered":"Meet our team of experts and architects in Geneva"},"content":{"rendered":"<p>[et_pb_section fb_built=\"1\u2033 _builder_version=\"4.17.3\u2033 _module_preset=\"default \" background_color=\"#FFFFFF \" custom_margin=\"0px||0px||false|false \" custom_padding=\"0px||0px||false|false \" global_colors_info=\"{}\"][et_pb_row admin_label=\"Fond menu \" _builder_version=\"4.17.3\u2033 _module_preset=\"default \" width=\"100% \" max_width=\"100% \" custom_margin=\"0px|0px|0px|0px|false|false \" custom_padding=\"0px|0px|0px|0px|false|false \" global_colors_info=\"{} \"][et_pb_column type=\"4_4\u2033 _builder_version=\"4.17.3\u2033 _module_preset=\"default \" global_colors_info=\"{} \"][et_pb_text admin_label=\"Color pad\" _builder_version=\"4.17.3\u2033 _module_preset=\"default \" background_color=\"#000000\u2033 width=\"100% \" max_width=\"100% \" height=\"140px \" global_colors_info=\"{} \"][\/et_pb_text][\/et_pb_column][\/et_pb_row][et_pb_row column_structure=\"1_2,1_2\u2033 admin_label=\"Page title\" _builder_version=\"4.17.3\u2033 _module_preset=\"default \" custom_margin=\"100px||||false|false \" global_colors_info=\"{} \"][et_pb_column type=\"1_2\u2033 _builder_version=\"4.17.3\u2033 _module_preset=\"default \" global_colors_info=\"{} \"][et_pb_text admin_label=\"Our achievements\" _builder_version=\"4.17.3\u2033 _module_preset=\"default \" global_colors_info=\"{} \"]<\/p>\n<h1 class=\"projettitre capital colorc\">Our office<\/h1>\n<p>[\/et_pb_text][et_pb_text admin_label=\"Text cap \" _builder_version=\"4.17.3\u2033 _module_preset=\"default \" width=\"100% \" max_width=\"500px \" module_alignment=\"left \" custom_margin_tablet= \" \" custom_margin_phone=\"|||0px|false|false \" custom_margin_last_edited= \"on|phone \" custom_padding=\"||0px|false|false \" text_orientation_tablet= \" \" text_orientation_phone=\"left \" text_orientation_last_edited=\"on|phone \" global_colors_info=\"{} \"]<\/p>\n<p class=\"diapotitre colorc\" style=\"text-align: left;\">We've put together a unique team of architects, engineers and experts to serve your future real estate project.<\/p>\n<p>[\/et_pb_text][et_pb_text _builder_version=\"4.17.3\u2033 _module_preset=\"default \" global_colors_info=\"{} \"]<\/p>\n<p class=\"colorc\">Ricq Architectes designs and realizes both private and public architectural projects. The firm pays particular attention to the coherence of the architectural concept, and rigorously monitors every stage of construction. This commitment guarantees the coherence and durability of every project Ricq Architectes undertakes.<\/p>\n<p class=\"colorc\">The office strives to develop sustainable, responsible architecture. Attention is paid to the choice of materials, the control of energy needs, integration into the landscape and the preservation of pre-existing flora and fauna.<\/p>\n<p class=\"colorc\">At Ricq Architectes, listening, respect and adaptability are the cornerstones of our relationship with our customers. The firm favors tailor-made projects to ensure that it remains as close as possible to its customers' needs.<\/p>\n<p>[\/et_pb_text][\/et_pb_column][et_pb_column type=\"1_2\u2033 _builder_version=\"4.17.3\u2033 _module_preset=\"default \" global_colors_info=\"{} \"][et_pb_image src= \"https:\/\/ricq.ch\/wp-content\/uploads\/2022\/11\/ricq-bureau-architecte-opt.jpg \" title_text=\"ricq-bureau-architecte-opt \" _builder_version=\"4.17.3\u2033 _module_preset=\"default \" global_colors_info=\"{} \"][\/et_pb_image][et_pb_text _builder_version=\"4.17.3\u2033 _module_preset=\"default \" global_colors_info=\"{} \"]<\/p>\n<p class=\"colorc\">The office has been based in Geneva since 2013 and is active throughout the Lake Geneva region. It has expanded to Zurich since 2018 to develop both private and institutional projects, with the rigor, creativity and strength of proposal that characterize it.<\/p>\n<p>[\/et_pb_text][\/et_pb_column][\/et_pb_row][et_pb_row column_structure=\"1_2,1_2\u2033 custom_padding_last_edited=\"on|phone \" _builder_version=\"4.17.3\u2033 _module_preset=\"default \" custom_padding=\"||200px||false|false \" custom_padding_tablet=\"||200px||false|false \" custom_padding_phone=\"||20px||false|false \" global_colors_info=\"{}\"][et_pb_column type=\"1_2\u2033 _builder_version=\"4.17.3\u2033 _module_preset=\"default \" global_colors_info=\"{} \"][\/et_pb_column][et_pb_column type=\"1_2\u2033 _builder_version=\"4.17.3\u2033 _module_preset=\"default \" global_colors_info=\"{} \"][\/et_pb_column][\/et_pb_row][\/et_pb_section][et_pb_section fb_built=\"1\u2033 _builder_version=\"4.17.3\u2033 _module_preset=\"default \" global_colors_info=\"{} \"][et_pb_row _builder_version=\"4.17.3\u2033 _module_preset=\"default \" global_colors_info=\"{} \"][et_pb_column type=\"4_4\u2033 _builder_version=\"4.17.3\u2033 _module_preset=\"default \" global_colors_info=\"{} \"][et_pb_text _builder_version=\"4.17.3\u2033 _module_preset=\"default \" text_orientation=\"center \" text_orientation_tablet=\"center \" text_orientation_phone=\"left \" text_orientation_last_edited=\"on|phone \" global_colors_info=\"{} \"]<\/p>\n<h2 class=\"projetsoustitre colorc capital\">Our architecture team<\/h2>\n<p>[\/et_pb_text][\/et_pb_column][\/et_pb_row][et_pb_row column_structure=\"1_3,1_3,1_3\u2033 _builder_version=\"4.17.3\u2033 _module_preset=\"default \" background_color=\"#f1f2ee \" width_tablet= \" \" width_phone=\"100% \" width_last_edited=\"on|phone \" custom_margin=\"||50px||false|false \" border_width_all=\"50px \" border_color_all=\"#f1f2ee \" border_width_top=\"20px \" border_width_bottom=\"20px \" global_colors_info=\"{} \"][et_pb_column type=\"1_3\u2033 _builder_version=\"4.17.3\u2033 _module_preset=\"default \" global_colors_info=\"{} \"][et_pb_image src= \"https:\/\/ricq.ch\/wp-content\/uploads\/2022\/11\/photo-Christophe-ricq-opt.jpg \" title_text=\"photo-Christophe-ricq-opt \" _builder_version=\"4.17.3\u2033 _module_preset=\"default \" global_colors_info=\"{} \"][\/et_pb_image][et_pb_text _builder_version=\"4.17.3\u2033 _module_preset=\"default \" global_colors_info=\"{} \"]<\/p>\n<h3 class=\"projetsoustitre colorc capital bold\">Christophe Ricq<br \/>\n<span class=\"light colorc capital\">Architect, Director<\/span><\/h3>\n<p>[\/et_pb_text][\/et_pb_column][et_pb_column type=\"1_3\u2033 _builder_version=\"4.17.3\u2033 _module_preset=\"default \" global_colors_info=\"{} \"][et_pb_text _builder_version=\"4.17.3\u2033 _module_preset=\"default \" global_colors_info=\"{} \"]<\/p>\n<p class=\"colorc\">Christophe Ricq was born in Geneva in 1975. With a passion for art and architecture, he studied at the Ecole Polytechnique F\u00e9d\u00e9rale de Lausanne (EPFL) before going on to specialize in urban planning at the Escuela T\u00e9cnica Superior de Arquitectura de Barcelona (ETSAB).<\/p>\n<p class=\"colorc\">His career also took him to New York, where he worked successively with Herv\u00e9 Descottes and Peter Gluck.<\/p>\n<p class=\"colorc\">He completed his studies at the Swiss Federal Institute of Technology in Zurich (ETHZ) and began his career with the urban design and analysis firm Herzog &amp; de Meuron, before graduating under the supervision of Dietmar Eberle, a specialist in ecological architecture.<\/p>\n<p>[\/et_pb_text][\/et_pb_column][et_pb_column type=\"1_3\u2033 _builder_version=\"4.17.3\u2033 _module_preset=\"default \" global_colors_info=\"{} \"][et_pb_text _builder_version=\"4.17.3\u2033 _module_preset=\"default \" global_colors_info=\"{} \"]<\/p>\n<p class=\"colorc\">For ten years, Christophe Ricq pursued his career as an architect and project manager with three offices in French-speaking Switzerland, where he managed the development of some fifty projects.<\/p>\n<p class=\"colorc\">In 2013, he founded Ricq Architectes in Geneva, specializing in fire protection the following year. In 2018, he opened a second office in Zurich.<\/p>\n<p>[\/et_pb_text][\/et_pb_column][\/et_pb_row][et_pb_row column_structure=\"1_2,1_2\u2033 _builder_version=\"4.21.0\u2033 _module_preset=\"default \" max_width=\"900px \" global_colors_info=\"{} \"][et_pb_column type=\"1_2\u2033 _builder_version=\"4.17.3\u2033 _module_preset=\"default \" global_colors_info=\"{} \"][et_pb_image src= \"https:\/\/ricq.ch\/wp-content\/uploads\/2023\/05\/profil-Andrea_opt.jpg \" title_text=\"profil-Andrea_opt \" _builder_version=\"4.21.0\u2033 _module_preset=\"default \" width=\"250px \" global_colors_info=\"{} \"][\/et_pb_image][et_pb_text _builder_version=\"4.17.3\u2033 _module_preset=\"default \" global_colors_info=\"{} \"]<\/p>\n<h3 class=\"projetsoustitre colorc capital bold\">Andrea Riva<br \/><span class=\"light colorc capital\">Architect <\/span><\/h3>\n<p class=\"colorc marginc\">Andrea Riva was born in Aosta in 1997. A few years later, he graduated in architecture from HEPIA in Geneva. His architectural influences are eclectic: Le Corbusier, Renzo Piano, Wright...) Although versatile, Andrea acknowledges a marked taste for construction. Ricq Architectes is his first experience in practice, starting in 2021.<\/p>\n<p>[\/et_pb_text][\/et_pb_column][et_pb_column type=\"1_2\u2033 _builder_version=\"4.17.3\u2033 _module_preset=\"default \" global_colors_info=\"{} \"][et_pb_image src= \"https:\/\/ricq.ch\/wp-content\/uploads\/2022\/11\/Profil-Diana-HD-2.jpg \" title_text=\"Profil-Diana-HD-2\u2033 _builder_version=\"4.17.3\u2033 _module_preset=\"default \" width=\"250px \" global_colors_info=\"{} \"][\/et_pb_image][et_pb_text _builder_version=\"4.17.3\u2033 _module_preset=\"default \" global_colors_info=\"{} \"]<\/p>\n<h3 class=\"projetsoustitre colorc capital bold\">Diana AL HOSNI<br \/>\n<span class=\"light colorc capital\">Architect <\/span><\/h3>\n<p class=\"colorc marginc\">An admirer of Zaha Hadid's work, Diana Al Hosni was born in Riyadh in 1987. She studied in Homs (Syria), where her family's passion for civil engineering and architecture continued. It was also here that she gained her first professional experience. An inveterate artist and painter in her spare time, her heart finally led her to Switzerland, where she learned French and joined Ricq Architectes in early 2022.\n<\/p>\n<p>[\/et_pb_text][\/et_pb_column][\/et_pb_row][et_pb_row column_structure=\"1_3,1_3,1_3\u2033 _builder_version=\"4.17.3\u2033 _module_preset=\"default \" global_colors_info=\"{} \"][et_pb_column type=\"1_3\u2033 _builder_version=\"4.17.3\u2033 _module_preset=\"default \" global_colors_info=\"{} \"][\/et_pb_column][et_pb_column type=\"1_3\u2033 _builder_version=\"4.17.3\u2033 _module_preset=\"default \" global_colors_info=\"{} \"][\/et_pb_column][et_pb_column type=\"1_3\u2033 _builder_version=\"4.17.3\u2033 _module_preset=\"default \" global_colors_info=\"{} \"][\/et_pb_column][\/et_pb_row][\/et_pb_section][et_pb_section fb_built=\"1\u2033 _builder_version=\"4.17.3\u2033 _module_preset=\"default \" background_color=\"#f1f2ee \" global_colors_info=\"{} \"][et_pb_row _builder_version=\"4.17.3\u2033 _module_preset=\"default \" global_colors_info=\"{} \"][et_pb_column type=\"4_4\u2033 _builder_version=\"4.17.3\u2033 _module_preset=\"default \" global_colors_info=\"{} \"][et_pb_text _builder_version=\"4.17.3\u2033 _module_preset=\"default \" text_orientation=\"center \" text_orientation_tablet=\"center \" text_orientation_phone=\"left \" text_orientation_last_edited=\"on|phone \" global_colors_info=\"{} \"]<\/p>\n<h2 class=\"projetsoustitre colorc capital\">Our team of experts<\/h2>\n<p>[\/et_pb_text][\/et_pb_column][\/et_pb_row][et_pb_row column_structure=\"1_3,1_3,1_3\u2033 _builder_version=\"4.17.3\u2033 _module_preset=\"default \" custom_padding=\"||50px||false|false \" global_colors_info=\"{} \"][et_pb_column type=\"1_3\u2033 _builder_version=\"4.17.3\u2033 _module_preset=\"default \" global_colors_info=\"{} \"][et_pb_image src= \"https:\/\/ricq.ch\/wp-content\/uploads\/2022\/11\/xavier-aymon-ricq-architectes.jpg \" title_text=\"xavier-aymon-ricq-architectes\" _builder_version=\"4.17.3\u2033 _module_preset=\"default \" width=\"250px \" global_colors_info=\"{} \"][\/et_pb_image][et_pb_text _builder_version=\"4.17.3\u2033 _module_preset=\"default \" global_colors_info=\"{} \"]<\/p>\n<h3 class=\"projetsoustitre colorc capital bold\">Xavier Aymon<br \/><span class=\"light colorc capital\">Home Automation Engineer <\/span><\/h3>\n<p class=\"colorc marginc\">This native of Valais discovered the joys of technical professions in the family electrical business. He completed his training with a diploma from the Yverdon engineering school. Attracted by functional design, he discovered the work of Jean Prouv\u00e9, Le Corbusier, Giacometti and Bruno Munari. Today, his holistic approach enables him to develop both complex home automation solutions and LED lighting solutions available in the most prestigious design boutiques in Switzerland.<\/p>\n<p>[\/et_pb_text][\/et_pb_column][et_pb_column type=\"1_3\u2033 _builder_version=\"4.17.3\u2033 _module_preset=\"default \" global_colors_info=\"{} \"][et_pb_image src= \"https:\/\/ricq.ch\/wp-content\/uploads\/2022\/10\/yannick-mathieu-ricq-architectes.jpg \" title_text=\"yannick-mathieu-ricq-architectes \" _builder_version=\"4.17.3\u2033 _module_preset=\"default \" width=\"250px \" global_colors_info=\"{} \"][\/et_pb_image][et_pb_text _builder_version=\"4.17.3\u2033 _module_preset=\"default \" global_colors_info=\"{} \"]<\/p>\n<h3 class=\"projetsoustitre colorc capital bold\">Yannick Mathieu<br \/><span class=\"light colorc capital\">Civil Engineer <\/span><\/h3>\n<p class=\"colorc marginc\">This indefatigable mountain dweller first took his imagination to the IGN maps of his childhood. Life's paths being what they are, he eventually became a civil engineer. He began his career designing ski lifts all over France. He returned to his hometown of Evian, where he was called upon to supervise the construction of the CEVA (L\u00e9man Express) cut-and-cover tunnel. He began working with Ricq Architectes on a villa in Mie, and has since been involved in a number of projects.<\/p>\n<p>[\/et_pb_text][\/et_pb_column][et_pb_column type=\"1_3\u2033 _builder_version=\"4.17.3\u2033 _module_preset=\"default \" global_colors_info=\"{} \"][et_pb_image src= \"https:\/\/ricq.ch\/wp-content\/uploads\/2022\/10\/thevenon.jpg \" title_text=\"thevenon \" _builder_version=\"4.17.3\u2033 _module_preset=\"default \" width=\"250px \" global_colors_info=\"{} \"][\/et_pb_image][et_pb_text _builder_version=\"4.17.3\u2033 _module_preset=\"default \" global_colors_info=\"{} \"]<\/p>\n<h3 class=\"projetsoustitre colorc capital bold\">\u00a0Philippe Thevenon<br \/><span class=\"light colorc capital\">Light Designer<\/span><\/h3>\n<p class=\"colorc marginc\">A native of Geneva, his passion for architecture took him by storm. Self-taught, he developed a remarkable and acclaimed skill for LED lighting, which he validated with a diploma. He regularly revisits his classics with Chipperfield, Dienner, Piano, Herzog and de Meuron on the occasion of various collaborations. Philippe approaches light as the fourth dimension of architecture, and that's why he's so valuable!<\/p>\n<p>[\/et_pb_text][\/et_pb_column][\/et_pb_row][et_pb_row column_structure=\"1_3,1_3,1_3\u2033 _builder_version=\"4.17.3\u2033 _module_preset=\"default \" global_colors_info=\"{} \"][et_pb_column type=\"1_3\u2033 _builder_version=\"4.17.3\u2033 _module_preset=\"default \" global_colors_info=\"{} \"][et_pb_image src= \"https:\/\/ricq.ch\/wp-content\/uploads\/2022\/11\/laurent-frentzel.jpg \" title_text=\"laurent-frentzel \" _builder_version=\"4.17.3\u2033 _module_preset=\"default \" width=\"250px \" global_colors_info=\"{} \"][\/et_pb_image][et_pb_text _builder_version=\"4.17.3\u2033 _module_preset=\"default \" global_colors_info=\"{} \"]<\/p>\n<h3 class=\"projetsoustitre colorc capital bold\">Laurent Frentzel<br \/><span class=\"light colorc capital\">Swimming pool &amp; Spa expert<\/span><\/h3>\n<p class=\"colorc marginc\">Before becoming one of the best specialists in Wellness equipment in French-speaking Switzerland, Laurent was first and foremost a talented entrepreneur. With ties on both sides of the Rusti Graben, it was finally on the Californian coast that he found the object of his success. Always ahead of his time, and for over 20 years, Laurent has had the talent to propose Spa \/ Wellness solutions that are relevant and perfectly adapted to both our quality standards and our customers' desires.<\/p>\n<p>[\/et_pb_text][\/et_pb_column][et_pb_column type=\"1_3\u2033 _builder_version=\"4.17.3\u2033 _module_preset=\"default \" global_colors_info=\"{} \"][et_pb_image src= \"https:\/\/ricq.ch\/wp-content\/uploads\/2022\/10\/kristoff-droin-ricq-architectes.jpg \" title_text=\"kristoff-droin-ricq-architectes \" _builder_version=\"4.17.3\u2033 _module_preset=\"default \" width=\"250px \" global_colors_info=\"{} \"][\/et_pb_image][et_pb_text _builder_version=\"4.17.3\u2033 _module_preset=\"default \" global_colors_info=\"{} \"]<\/p>\n<h3 class=\"projetsoustitre colorc capital bold\">Kristoff Droin<br \/><span class=\"light colorc capital\">Expert Materiaux<\/span><\/h3>\n<p class=\"colorc marginc\">Kristoff Droin was born in Paris. A passionate lover of stone and marble, he found his vocation at a very early age, working with an Italian marble craftsman who instilled in him a taste for beautiful things well done. Today, Kristoff Droin works alongside some of the world's leading decorators. His 80 collaborators work daily on ambitious projects. He works for Ricq Architectes as an expert in flooring, marble and tiles.<\/p>\n<p>[\/et_pb_text][\/et_pb_column][et_pb_column type=\"1_3\u2033 _builder_version=\"4.17.3\u2033 _module_preset=\"default \" global_colors_info=\"{} \"][et_pb_image src= \"https:\/\/ricq.ch\/wp-content\/uploads\/2022\/10\/cesar-sandoz-ricq-architectes.jpg \" title_text=\"cesar-sandoz-ricq-architectes \" _builder_version=\"4.17.3\u2033 _module_preset=\"default \" width=\"250px \" global_colors_info=\"{} \"][\/et_pb_image][et_pb_text _builder_version=\"4.17.3\u2033 _module_preset=\"default \" global_colors_info=\"{} \"]<\/p>\n<h3 class=\"projetsoustitre colorc capital bold\">C\u00e9sar sandoz<br \/><span class=\"light colorc capital\">Chimney expert<\/span><\/h3>\n<p class=\"colorc marginc\">A native of Estavayer, le Lac, Sandoz has made a name for himself in French-speaking Switzerland as a specialist in fireplaces and stoves. Whether electric or gas, C\u00e9sar Sandoz's masterpieces make homes more comfortable and convivial. This design enthusiast is an adept of small is beautiful. In fact, for over 13 years he has been working in pairs, and only in pairs, and the formula is always a winning one for his customers.<\/p>\n<p>[\/et_pb_text][\/et_pb_column][\/et_pb_row][et_pb_row column_structure=\"1_3,1_3,1_3\u2033 _builder_version=\"4.17.3\u2033 _module_preset=\"default \" global_colors_info=\"{} \"][et_pb_column type=\"1_3\u2033 _builder_version=\"4.17.3\u2033 _module_preset=\"default \" global_colors_info=\"{} \"][\/et_pb_column][et_pb_column type=\"1_3\u2033 _builder_version=\"4.17.3\u2033 _module_preset=\"default \" global_colors_info=\"{} \"][\/et_pb_column][et_pb_column type=\"1_3\u2033 _builder_version=\"4.17.3\u2033 _module_preset=\"default \" global_colors_info=\"{} \"][\/et_pb_column][\/et_pb_row][\/et_pb_section]<\/p>","protected":false},"excerpt":{"rendered":"<p>Our officeWe have assembled a unique team of architects, engineers and experts to serve your future real estate project.Ricq Architectes designs and realizes both private and public architectural projects. The firm takes particular care to ensure the coherence of the architectural concept, and rigorously monitors every stage of construction. This commitment guarantees [...]<\/p>","protected":false},"author":2,"featured_media":1512,"parent":0,"menu_order":0,"comment_status":"closed","ping_status":"closed","template":"","meta":{"_acf_changed":false,"_et_pb_use_builder":"on","_et_pb_old_content":"","_et_gb_content_width":"","footnotes":""},"class_list":["post-1506","page","type-page","status-publish","has-post-thumbnail","hentry"],"acf":[],"_links":{"self":[{"href":"https:\/\/ricq.ch\/en\/wp-json\/wp\/v2\/pages\/1506","targetHints":{"allow":["GET"]}}],"collection":[{"href":"https:\/\/ricq.ch\/en\/wp-json\/wp\/v2\/pages"}],"about":[{"href":"https:\/\/ricq.ch\/en\/wp-json\/wp\/v2\/types\/page"}],"author":[{"embeddable":true,"href":"https:\/\/ricq.ch\/en\/wp-json\/wp\/v2\/users\/2"}],"replies":[{"embeddable":true,"href":"https:\/\/ricq.ch\/en\/wp-json\/wp\/v2\/comments?post=1506"}],"version-history":[{"count":10,"href":"https:\/\/ricq.ch\/en\/wp-json\/wp\/v2\/pages\/1506\/revisions"}],"predecessor-version":[{"id":5142,"href":"https:\/\/ricq.ch\/en\/wp-json\/wp\/v2\/pages\/1506\/revisions\/5142"}],"wp:featuredmedia":[{"embeddable":true,"href":"https:\/\/ricq.ch\/en\/wp-json\/wp\/v2\/media\/1512"}],"wp:attachment":[{"href":"https:\/\/ricq.ch\/en\/wp-json\/wp\/v2\/media?parent=1506"}],"curies":[{"name":"wp","href":"https:\/\/api.w.org\/{rel}","templated":true}]}}