{"id":1506,"date":"2022-07-14T15:25:09","date_gmt":"2022-07-14T13:25:09","guid":{"rendered":"https:\/\/ricq.ch\/?page_id=1506"},"modified":"2024-11-07T15:54:48","modified_gmt":"2024-11-07T14:54:48","slug":"rencontrez-les-membres-de-notre-equipe-dexperts-et-darchitectes-a-geneve","status":"publish","type":"page","link":"https:\/\/ricq.ch\/de\/rencontrez-les-membres-de-notre-equipe-dexperts-et-darchitectes-a-geneve\/","title":{"rendered":"Treffen Sie die Mitglieder unseres Experten- und Architektenteams in Genf"},"content":{"rendered":"<p>[et_pb_section fb_built= \"1\u2033 _builder_version= \"4.17.3\u2033 _module_preset= \"default \" background_color= \"#FFFF \" custom_margin= \"0px||0px||false|false \" custom_padding= \"0px||0px||false|false \" global_colors_info= \"{} \"][et_pb_row admin_label= \"Hintergrundmen\u00fc \" _builder_version= \"4.17.3\u2033 _module_preset= \"default \" width= \"100% \" max_width= \"100% \" custom_margin= \"0px|0px|0px|0px|false|false \" custom_padding= \"0px|0px|0px|0px|false|false \" global_colors_info= \"{} \"][et_pb_column type= \"4_4\u2033 _builder_version= \"4.17.3\u2033 _module_preset= \"default \" global_colors_info= \"{} \"][et_pb_text admin_label= \"Farbblock\" _builder_version= \"4.17.3\u2033 _module_preset= \"default\" background_color= \"#000000\u2033 width= \"100%\" max_width= \"100%\" height= \"140px\" global_colors_info= \"{} \"][\/et_pb_text][\/et_pb_column][\/et_pb_row][et_pb_row column_structure= \"1_2,1_2\u2033 admin_label= \"Seitentitel \" _builder_version= \"4.17.3\u2033 _module_preset= \"default \" custom_margin= \"100px||||false|false \" global_colors_info= \"{} \"][et_pb_column type= \"1_2\u2033 _builder_version= \"4.17.3\u2033 _module_preset= \"default \" global_colors_info= \"{} \"][et_pb_text admin_label= \"Unsere Leistungen \" _builder_version= \"4.17.3\u2033 _module_preset= \"default \" global_colors_info= \"{} \"]<\/p>\n<h1 class=\"projettitre capital colorc\">Unser B\u00fcro<\/h1>\n<p>[\/et_pb_text][et_pb_text admin_label= \"Texthut \" _builder_version= \"4.17.3\u2033 _module_preset= \"default \" width= \"100% \" max_width= \"500px \" module_alignment= \"left \" custom_margin_tablet= \" \" custom_margin_phone= \"|||0px|false|false \" custom_margin_last_edited= ? \"on|phone \" custom_padding= \"|||0px|false|false \" text_orientation_tablet= \" \" text_orientation_phone= \"left \" text_orientation_last_edited= \"on|phone \" global_colors_info= \"{} \"]<\/p>\n<p class=\"diapotitre colorc\" style=\"text-align: left;\">Wir haben ein einzigartiges Team aus Architekten, Ingenieuren und Experten zusammengestellt, um Ihr zuk\u00fcnftiges Immobilienprojekt zu betreuen.<\/p>\n<p>[\/et_pb_text][et_pb_text _builder_version= \"4.17.3\u2033 _module_preset= \"default \" global_colors_info= \"{} \"]<\/p>\n<p class=\"colorc\">Ricq Architectes entwirft und realisiert private und \u00f6ffentliche Architekturprojekte. Das B\u00fcro achtet besonders auf die Koh\u00e4renz des architektonischen Konzepts und verfolgt alle Bauphasen mit Strenge und Anspruch. Dieses Engagement garantiert Koh\u00e4renz und Dauerhaftigkeit f\u00fcr jedes der von Ricq Architectes getragenen Projekte.<\/p>\n<p class=\"colorc\">Das B\u00fcro achtet darauf, eine nachhaltige und verantwortungsvolle Architektur zu entwickeln. So wird auf die Wahl der Materialien, die Kontrolle des Energiebedarfs, die Integration in die Umgebung und schlie\u00dflich auf die Erhaltung der bereits vorhandenen Fauna und Flora geachtet.<\/p>\n<p class=\"colorc\">Bei Ricq Architectes bilden Zuh\u00f6ren, Respekt und Anpassungsf\u00e4higkeit die Grundlage f\u00fcr die Beziehung zum Kunden. Das B\u00fcro bevorzugt daher ma\u00dfgeschneiderte Projekte, um den Bed\u00fcrfnissen seiner Kunden so nah wie m\u00f6glich zu bleiben.<\/p>\n<p>[\/et_pb_text][\/et_pb_column][et_pb_column type= \"1_2\u2033 _builder_version= \"4.17.3\u2033 _module_preset= \"default \" global_colors_info= \"{} \"][et_pb_image src= \"https:\/\/ricq.ch\/wp-content\/uploads\/2022\/11\/ricq-bureau-architecte-opt.jpg \" title_text= \"ricq-bureau-architecte-opt \" _builder_version= \"4.17.3\u2033 _module_preset= \"default\" global_colors_info= \"{} \"][\/et_pb_image][et_pb_text _builder_version= \"4.17.3\u2033 _module_preset= \"default\" global_colors_info= \"{} \"]<\/p>\n<p class=\"colorc\">Das B\u00fcro ist seit 2013 in Genf pr\u00e4sent und im gesamten Genferseegebiet t\u00e4tig. Seit 2018 expandiert es nach Z\u00fcrich, um dort sowohl private als auch institutionelle Projekte mit der f\u00fcr das B\u00fcro typischen Gr\u00fcndlichkeit, Kreativit\u00e4t und Schlagkraft zu entwickeln.<\/p>\n<p>[\/et_pb_text][\/et_pb_column][\/et_pb_row][et_pb_row column_structure= \"1_2,1_2\u2033 custom_padding_last_edited= \"on|phone \" _builder_version= \"4.17.3\u2033 _module_preset= \"default \" custom_padding= \"||200px||false|false \" custom_padding_tablet= \"||200px||false|false \" custom_padding_phone= \"||20px|||false|false \" global_colors_info= \"{} \"][et_pb_column type= \"1_2\u2033 _builder_version= \"4.17.3\u2033 _module_preset= \"default \" global_colors_info= \"{} \"][\/et_pb_column][et_pb_column type= \"1_2\u2033 _builder_version= \"4.17.3\u2033 _module_preset= \"default \" global_colors_info= \"{} \"][\/et_pb_column][\/et_pb_row][\/et_pb_section][et_pb_section fb_built= \"1\u2033 _builder_version= \"4.17.3\u2033 _module_preset= \"default \" global_colors_info= \"{}\"][et_pb_row _builder_version= \"4.17.3\u2033 _module_preset= \"default \" global_colors_info= \"{}\"][et_pb_column type= \"4_4\u2033 _builder_version= \"4.17.3\u2033 _module_preset= \"default \" global_colors_info= \"{} \"][et_pb_text _builder_version= \"4.17.3\u2033 _module_preset= \"default \" text_orientation=\"center\" text_orientation_tablet=\"center\" text_orientation_phone=\"left\" text_orientation_last_edited=\"on|phone\" global_colors_info=\"{} \"]<\/p>\n<h2 class=\"projetsoustitre colorc capital\">Unser Architekturteam<\/h2>\n<p>[\/et_pb_text][\/et_pb_column][\/et_pb_row][et_pb_row column_structure= \"1_3,1_3,1_3\u2033 _builder_version= \"4.17.3\u2033 _module_preset= \"default \" background_color= \"#f1f2ee \" width_tablet= \" \" width_phone= \"100%\" width_last_edited= \"on|phone \" custom_margin= \"||50px||false|false \" border_width_all= \"50px \" border_color_all= \"#f1f2ee \" border_width_top= \"20px \" border_width_bottom= \"20px \" global_colors_info= \"{} \"][et_pb_column type= \"1_3\u2033 _builder_version= \"4.17.3\u2033 _module_preset= \"default \" global_colors_info= \"{} \"][et_pb_image src= \"https:\/\/ricq.ch\/wp-content\/uploads\/2022\/11\/photo-Christophe-ricq-opt.jpg \" title_text= \"photo-Christophe-ricq-opt \" _builder_version= \"4.17.3\u2033 _module_preset= \"default \" global_colors_info= \"{} \"][\/et_pb_image][et_pb_text _builder_version= \"4.17.3\u2033 _module_preset= \"default \" global_colors_info= \"{} \"]<\/p>\n<h3 class=\"projetsoustitre colorc capital bold\">Christophe Ricq<br \/>\n<span class=\"light colorc capital\">Architekt, Direktor<\/span><\/h3>\n<p>[\/et_pb_text][\/et_pb_column][et_pb_column type=\"1_3\u2033 _builder_version=\"4.17.3\u2033 _module_preset=\"default \" global_colors_info=\"{} \"][et_pb_text _builder_version=\"4.17.3\u2033 _module_preset=\"default \" global_colors_info=\"{} \"]<\/p>\n<p class=\"colorc\">Christophe Ricq wurde 1975 in Genf geboren. Er studierte an der \u00c9cole Polytechnique F\u00e9d\u00e9rale de Lausanne (EPFL) und spezialisierte sich anschlie\u00dfend auf Stadtplanung an der Ecole Technique Sup\u00e9rieure d'Architecture de Barcelona (ETSAB).<\/p>\n<p class=\"colorc\">Sein Weg f\u00fchrte ihn auch nach New York, wo er nacheinander mit Herv\u00e9 Descottes und Peter Gluck zusammenarbeitete.<\/p>\n<p class=\"colorc\">Er schloss sein Studium an der Eidgen\u00f6ssischen Technischen Hochschule (ETH) in Z\u00fcrich ab und arbeitete im B\u00fcro f\u00fcr Stadtplanung und -analyse Herzog &amp; de Meuron, bevor er sein Diplom unter der Leitung von Dietmar Eberle, einem Spezialisten f\u00fcr \u00f6kologische Architektur, erhielt.<\/p>\n<p>[\/et_pb_text][\/et_pb_column][et_pb_column type=\"1_3\u2033 _builder_version=\"4.17.3\u2033 _module_preset=\"default \" global_colors_info=\"{} \"][et_pb_text _builder_version=\"4.17.3\u2033 _module_preset=\"default \" global_colors_info=\"{} \"]<\/p>\n<p class=\"colorc\">Zehn Jahre lang setzte Christophe Ricq seine Karriere als Architekt und Projektleiter in drei Westschweizer B\u00fcros fort, wo er die Entwicklung von etwa f\u00fcnfzig Projekten leitete.<\/p>\n<p class=\"colorc\">2013 gr\u00fcndete er Ricq Architectes in Genf und erwarb im Jahr darauf eine Spezialisierung auf Brandschutz. Im Jahr 2018 er\u00f6ffnet er ein zweites B\u00fcro in Z\u00fcrich.<\/p>\n<p>[\/et_pb_text][\/et_pb_column][\/et_pb_row][et_pb_row column_structure= \"1_2,1_2\u2033 _builder_version= \"4.21.0\u2033 _module_preset= \"default \" max_width= \"900px \" global_colors_info= \"{} \"][et_pb_column type= \"1_2\u2033 _builder_version= \"4.17.3\u2033 _module_preset= \"default \" global_colors_info= \"{} \"][et_pb_image src= \"https:\/\/ricq.ch\/wp-content\/uploads\/2023\/05\/profil-Andrea_opt.jpg \" title_text= \"profil-Andrea_opt \" _builder_version= \"4.21.0\u2033 _module_preset= \"default \" width= \"250px \" global_colors_info= \"{} \"][\/et_pb_image][et_pb_text _builder_version= \"4.17.3\u2033 _module_preset= \"default \" global_colors_info= \"{} \"]<\/p>\n<h3 class=\"projetsoustitre colorc capital bold\">Andrea Riva<br \/><span class=\"light colorc capital\">Architekt <\/span><\/h3>\n<p class=\"colorc marginc\">Andrea Riva stammt aus Aosta, wo er 1997 geboren wurde. Einige Jahre sp\u00e4ter machte er seinen Abschluss in Architektur an der HEPIA in Genf. Seine architektonischen Einfl\u00fcsse sind eklektisch: Le Corbusier, Renzo Piano, Wright...) Obwohl er vielseitig ist, erkennt Andrea eine starke Vorliebe f\u00fcr das Bauwesen. Ricq Architectes ist seine erste Erfahrung in einem B\u00fcro, die er 2021 begonnen hat.<\/p>\n<p>[\/et_pb_text][\/et_pb_column][et_pb_column type= \"1_2\u2033 _builder_version= \"4.17.3\u2033 _module_preset= \"default \" global_colors_info= \"{} \"][et_pb_image src= \"https:\/\/ricq.ch\/wp-content\/uploads\/2022\/11\/Profil-Diana-HD-2.jpg \" title_text= \"Profil-Diana-HD-2\u2033 _builder_version= \"4.17.3\u2033 _module_preset= \"default\" width= \"250px\" global_colors_info= \"{} \"][\/et_pb_image][et_pb_text _builder_version= \"4.17.3\u2033 _module_preset= \"default\" global_colors_info= \"{} \"]<\/p>\n<h3 class=\"projetsoustitre colorc capital bold\">Diana AL HOSNI<br \/>\n<span class=\"light colorc capital\">Architekt <\/span><\/h3>\n<p class=\"colorc marginc\">Diana Al Hosni, eine Bewunderin der Arbeit von Zaha Hadid, wurde 1987 in Riad geboren. Sie studierte in Homs (Syrien), wo sie von der famili\u00e4ren Leidenschaft f\u00fcr Bauingenieurwesen und Architektur gepr\u00e4gt wurde. Dort sammelte sie auch ihre ersten beruflichen Erfahrungen. Sie lernte dort Franz\u00f6sisch und kam Anfang 2022 zu Ricq Architectes.\n<\/p>\n<p>[\/et_pb_text][\/et_pb_column][\/et_pb_row][et_pb_row column_structure= \"1_3,1_3,1_3\u2033 _builder_version= \"4.17.3\u2033 _module_preset= \"default \" global_colors_info= \"{}\"][et_pb_column type= \"1_3\u2033 _builder_version= \"4.17.3\u2033 _module_preset= \"default \" global_colors_info= \"{} \"][\/et_pb_column][et_pb_column type= \"1_3\u2033 _builder_version= \"4.17.3\u2033 _module_preset= \"default \" global_colors_info= \"{} \"][\/et_pb_column][et_pb_column type= \"1_3\u2033 _builder_version= \"4.17.3\u2033 _module_preset= \"default \" global_colors_info= \"{} \"][\/et_pb_column][\/et_pb_row][\/et_pb_section][et_pb_section fb_built= \"1\u2033 _builder_version= \"4.17.3\u2033 _module_preset= \"default \" background_color= \"#f1f2ee \" global_colors_info= \"{}\"][et_pb_row _builder_version= \"4.17.3\u2033 _module_preset= \"default \" global_colors_info= \"{}\"][et_pb_column type= \"4_4\u2033 _builder_version= \"4.17.3\u2033 _module_preset= \"default\" global_colors_info= \"{}\"][et_pb_text _builder_version= \"4.17.3\u2033 _module_preset= \"default\" text_orientation=\"center\" text_orientation_tablet=\"center\" text_orientation_phone=\"left\" text_orientation_last_edited=\"on|phone\" global_colors_info= \"{}\"]<\/p>\n<h2 class=\"projetsoustitre colorc capital\">Unser Expertenteam<\/h2>\n<p>[\/et_pb_text][\/et_pb_column][\/et_pb_row][et_pb_row column_structure= \"1_3,1_3,1_3\u2033 _builder_version= \"4.17.3\u2033 _module_preset= \"default \" custom_padding= \"||50px||false|false \" global_colors_info= \"{}\"][et_pb_column type= \"1_3\u2033 _builder_version= \"4.17.3\u2033 _module_preset= \"default \" global_colors_info= \"{}\"][et_pb_image src= \"https:\/\/ricq.ch\/wp-content\/uploads\/2022\/11\/xavier-aymon-ricq-architectes.jpg \" title_text= \"xavier-aymon-ricq-architectes\" _builder_version= \"4.17.3\u2033 _module_preset= \"default \" width= \"250px \" global_colors_info= \"{} \"][\/et_pb_image][et_pb_text _builder_version= \"4.17.3\u2033 _module_preset= \"default \" global_colors_info= \"{} \"]<\/p>\n<h3 class=\"projetsoustitre colorc capital bold\">Xavier Aymon<br \/><span class=\"light colorc capital\">Ingenieur f\u00fcr Haustechnik <\/span><\/h3>\n<p class=\"colorc marginc\">Der geb\u00fcrtige Walliser entdeckt die Freuden der technischen Berufe im elterlichen Elektrobetrieb. Er vervollst\u00e4ndigt seine Ausbildung mit einem Diplom an der Ingenieurschule in Yverdon. Er f\u00fchlte sich sehr vom funktionalen Design angezogen und entdeckte mit Begeisterung die Arbeiten von Jean Prouv\u00e9, Le Corbusier, Giacometti und Bruno Munari. Sein ganzheitlicher Ansatz erm\u00f6glicht es ihm heute, sowohl komplexe L\u00f6sungen f\u00fcr die Haustechnik als auch LED-Leuchten zu entwickeln, die in den renommiertesten Designgesch\u00e4ften der Schweiz erh\u00e4ltlich sind.<\/p>\n<p>[\/et_pb_text][\/et_pb_column][et_pb_column type= \"1_3\u2033 _builder_version= \"4.17.3\u2033 _module_preset= \"default \" global_colors_info= \"{} \"][et_pb_image src= \"https:\/\/ricq.ch\/wp-content\/uploads\/2022\/10\/yannick-mathieu-ricq-architectes.jpg \" title_text= \"yannick-mathieu-ricq-architectes\" _builder_version= \"4.17.3\u2033 _module_preset= \"default\" width= \"250px\" global_colors_info= \"{} \"][\/et_pb_image][et_pb_text _builder_version= \"4.17.3\u2033 _module_preset= \"default\" global_colors_info= \"{} \"]<\/p>\n<h3 class=\"projetsoustitre colorc capital bold\">Yannick Mathieu<br \/><span class=\"light colorc capital\">Bauingenieur <\/span><\/h3>\n<p class=\"colorc marginc\">Dieser unerm\u00fcdliche Bergsteiger lie\u00df seine Vorstellungskraft zun\u00e4chst auf den IGN-Karten seiner Kindheit reisen. Da die Wege des Lebens so sind, wie sie sind, wird er schlie\u00dflich Bauingenieur. Er beginnt seine Karriere mit der Planung von Skiliften in ganz Frankreich. Als er in seine Heimatstadt Evian zur\u00fcckkehrt, wird er von der CEVA-Baustelle (L\u00e9man Express) gerufen, um den Bau eines \u00fcberdachten Grabens zu \u00fcberwachen. Er beginnt seine Zusammenarbeit mit Ricq Architectes an einer Villa in Mie und ist seitdem an zahlreichen Projekten beteiligt.<\/p>\n<p>[\/et_pb_text][\/et_pb_column][et_pb_column type= \"1_3\u2033 _builder_version= \"4.17.3\u2033 _module_preset= \"default \" global_colors_info= \"{} \"][et_pb_image src= \"https:\/\/ricq.ch\/wp-content\/uploads\/2022\/10\/thevenon.jpg \" title_text=\"thevenon\" _builder_version=\"4.17.3\u2033 _module_preset=\"default\" width=\"250px\" global_colors_info=\"{} \"][\/et_pb_image][et_pb_text _builder_version=\"4.17.3\u2033 _module_preset=\"default\" global_colors_info=\"{} \"]<\/p>\n<h3 class=\"projetsoustitre colorc capital bold\">\u00a0Philippe Thevenon<br \/><span class=\"light colorc capital\">Light Designer<\/span><\/h3>\n<p class=\"colorc marginc\">Dieser Wahlgenfer hatte eine blitzartige Leidenschaft f\u00fcr die Architektur. Als Autodidakt entwickelte er eine bemerkenswerte und viel beachtete Kompetenz f\u00fcr LED-Licht, die er mit einem Diplom best\u00e4tigte. Er wiederholt regelm\u00e4\u00dfig seine Klassiker mit Chipperfield, Dienner, Piano, Herzog und de Meuron anl\u00e4sslich verschiedener Kollaborationen. Philippe betrachtet das Licht als die vierte Dimension der Architektur und ist deshalb so wertvoll!<\/p>\n<p>[\/et_pb_text][\/et_pb_column][\/et_pb_row][et_pb_row column_structure= \"1_3,1_3,1_3\u2033 _builder_version= \"4.17.3\u2033 _module_preset= \"default \" global_colors_info= \"{}\"][et_pb_column type= \"1_3\u2033 _builder_version= \"4.17.3\u2033 _module_preset= \"default \" global_colors_info= \"{}\"][et_pb_image src= \"https:\/\/ricq.ch\/wp-content\/uploads\/2022\/11\/laurent-frentzel.jpg \" title_text= \"laurent-frentzel \" _builder_version= \"4.17.3\u2033 _module_preset= \"default\" width= \"250px \" global_colors_info= \"{} \"][\/et_pb_image][et_pb_text _builder_version= \"4.17.3\u2033 _module_preset= \"default\" global_colors_info= \"{} \"]<\/p>\n<h3 class=\"projetsoustitre colorc capital bold\">Laurent Frentzel<br \/><span class=\"light colorc capital\">Pool- &amp; Spa-Experte<\/span><\/h3>\n<p class=\"colorc marginc\">Bevor Laurent zu einem der besten Spezialisten f\u00fcr Wellness-Ausr\u00fcstung in der Westschweiz wurde, war er zun\u00e4chst ein talentierter Unternehmer. Mit Bindungen auf beiden Seiten des Rusti Graben, war es schlie\u00dflich an der kalifornischen K\u00fcste, wo er das Objekt seines Erfolgs fand. Seit \u00fcber 20 Jahren ist Laurent immer einen Schritt voraus und hat das Talent, relevante Spa- und Wellness-L\u00f6sungen anzubieten, die sowohl unseren Qualit\u00e4tsstandards als auch den W\u00fcnschen unserer Kunden entsprechen.<\/p>\n<p>[\/et_pb_text][\/et_pb_column][et_pb_column type= \"1_3\u2033 _builder_version= \"4.17.3\u2033 _module_preset= \"default \" global_colors_info= \"{} \"][et_pb_image src= \"https:\/\/ricq.ch\/wp-content\/uploads\/2022\/10\/kristoff-droin-ricq-architectes.jpg \" title_text= \"kristoff-droin-ricq-architectes \" _builder_version= \"4.17.3\u2033 _module_preset= \"default\" width= \"250px\" global_colors_info= \"{} \"][\/et_pb_image][et_pb_text _builder_version= \"4.17.3\u2033 _module_preset= \"default\" global_colors_info= \"{} \"]<\/p>\n<h3 class=\"projetsoustitre colorc capital bold\">Kristoff Droin<br \/><span class=\"light colorc capital\">Materialexperte<\/span><\/h3>\n<p class=\"colorc marginc\">Kristoff Droin erblickte in Paris das Licht der Welt. Dieser leidenschaftliche Stein- und Marmorfan fand seine Berufung, als er in jungen Jahren mit einem italienischen Marmorhandwerker zusammenkam, der ihm den Geschmack f\u00fcr sch\u00f6ne und gut gemachte Dinge vermittelte. Heute arbeitet Kristoff Droin mit den gr\u00f6\u00dften internationalen Dekorateuren zusammen. Seine 80 Mitarbeiter arbeiten t\u00e4glich an ehrgeizigen Projekten. Im B\u00fcro von Ricq Architectes arbeitet er als Experte f\u00fcr B\u00f6den, Marmor und Fliesen.<\/p>\n<p>[\/et_pb_text][\/et_pb_column][et_pb_column type= \"1_3\u2033 _builder_version= \"4.17.3\u2033 _module_preset= \"default \" global_colors_info= \"{} \"][et_pb_image src= \"https:\/\/ricq.ch\/wp-content\/uploads\/2022\/10\/cesar-sandoz-ricq-architectes.jpg \" title_text= \"cesar-sandoz-ricq-architectes\" _builder_version= \"4.17.3\u2033 _module_preset= \"default\" width= \"250px\" global_colors_info= \"{} \"][\/et_pb_image][et_pb_text _builder_version= \"4.17.3\u2033 _module_preset= \"default\" global_colors_info= \"{} \"]<\/p>\n<h3 class=\"projetsoustitre colorc capital bold\">C\u00e9sar sandoz<br \/><span class=\"light colorc capital\">Kamin-Experte<\/span><\/h3>\n<p class=\"colorc marginc\">Der in Estavayer, le Lac, geborene Sandoz hat sich in der Westschweiz einen guten Ruf als Spezialist f\u00fcr Kamine und \u00d6fen erarbeitet. Ob elektrisch oder mit Gas betrieben, die Kreationen von C\u00e9sar Sandoz sind Meisterwerke, die die so ausgestatteten Haushalte komfortabler und gem\u00fctlicher machen. Dieser leidenschaftliche Designer ist ein Anh\u00e4nger des Prinzips \"small is beautiful\". Seit mehr als 13 Jahren arbeitet er als Zweiergespann und nur als Zweiergespann, und diese Formel ist f\u00fcr seine Kunden immer ein Gewinn.<\/p>\n<p>[\/et_pb_text][\/et_pb_column][\/et_pb_row][et_pb_row column_structure= \"1_3,1_3,1_3\u2033 _builder_version= \"4.17.3\u2033 _module_preset= \"default \" global_colors_info= \"{}\"][et_pb_column type= \"1_3\u2033 _builder_version= \"4.17.3\u2033 _module_preset= \"default \" global_colors_info= \"{} \"][\/et_pb_column][et_pb_column type= \"1_3\u2033 _builder_version= \"4.17.3\u2033 _module_preset= \"default \" global_colors_info= \"{} \"][\/et_pb_column][et_pb_column type= \"1_3\u2033 _builder_version= \"4.17.3\u2033 _module_preset= \"default \" global_colors_info= \"{} \"][\/et_pb_column][\/et_pb_row][\/et_pb_section]<\/p>","protected":false},"excerpt":{"rendered":"<p>Unser B\u00fcroWir haben ein einzigartiges Team aus Architekten, Ingenieuren und Experten zusammengestellt, um Ihr zuk\u00fcnftiges Immobilienprojekt zu betreuen.Ricq Architectes entwirft und realisiert private und \u00f6ffentliche Architekturprojekte. Das B\u00fcro achtet besonders auf die Koh\u00e4renz des architektonischen Konzepts und verfolgt alle Bauphasen mit Strenge und Anspruch. Dieses Engagement garantiert Koh\u00e4renz [...].<\/p>","protected":false},"author":2,"featured_media":1512,"parent":0,"menu_order":0,"comment_status":"closed","ping_status":"closed","template":"","meta":{"_acf_changed":false,"_et_pb_use_builder":"on","_et_pb_old_content":"","_et_gb_content_width":"","footnotes":""},"class_list":["post-1506","page","type-page","status-publish","has-post-thumbnail","hentry"],"acf":[],"_links":{"self":[{"href":"https:\/\/ricq.ch\/de\/wp-json\/wp\/v2\/pages\/1506","targetHints":{"allow":["GET"]}}],"collection":[{"href":"https:\/\/ricq.ch\/de\/wp-json\/wp\/v2\/pages"}],"about":[{"href":"https:\/\/ricq.ch\/de\/wp-json\/wp\/v2\/types\/page"}],"author":[{"embeddable":true,"href":"https:\/\/ricq.ch\/de\/wp-json\/wp\/v2\/users\/2"}],"replies":[{"embeddable":true,"href":"https:\/\/ricq.ch\/de\/wp-json\/wp\/v2\/comments?post=1506"}],"version-history":[{"count":10,"href":"https:\/\/ricq.ch\/de\/wp-json\/wp\/v2\/pages\/1506\/revisions"}],"predecessor-version":[{"id":5142,"href":"https:\/\/ricq.ch\/de\/wp-json\/wp\/v2\/pages\/1506\/revisions\/5142"}],"wp:featuredmedia":[{"embeddable":true,"href":"https:\/\/ricq.ch\/de\/wp-json\/wp\/v2\/media\/1512"}],"wp:attachment":[{"href":"https:\/\/ricq.ch\/de\/wp-json\/wp\/v2\/media?parent=1506"}],"curies":[{"name":"wp","href":"https:\/\/api.w.org\/{rel}","templated":true}]}}