{"id":1479,"date":"2022-07-14T13:07:45","date_gmt":"2022-07-14T11:07:45","guid":{"rendered":"https:\/\/ricq.ch\/?page_id=1479"},"modified":"2024-11-07T22:14:27","modified_gmt":"2024-11-07T21:14:27","slug":"jobs-rejoignez-notre-equipes-dexperts-et-darchitectes-a-geneve","status":"publish","type":"page","link":"https:\/\/ricq.ch\/de\/jobs-rejoignez-notre-equipes-dexperts-et-darchitectes-a-geneve\/","title":{"rendered":"Job |\u00a0Rejoignez notre \u00e9quipes d&rsquo;experts et d&rsquo;architectes \u00e0 Gen\u00e8ve"},"content":{"rendered":"<p>[et_pb_section fb_built= \"1\u2033 _builder_version= \"4.17.3\u2033 _module_preset= \"default \" background_color= \"#FFFF \" custom_margin= \"0px||0px||false|false \" custom_padding= \"0px||0px||false|false \" global_colors_info= \"{} \"][et_pb_row admin_label= \"Hintergrundmen\u00fc \" _builder_version= \"4.17.3\u2033 _module_preset= \"default \" width= \"100% \" max_width= \"100% \" custom_margin= \"0px|0px|0px|0px|false|false \" custom_padding= \"0px|0px|0px|0px|false|false \" global_colors_info= \"{} \"][et_pb_column type= \"4_4\u2033 _builder_version= \"4.17.3\u2033 _module_preset= \"default \" global_colors_info= \"{} \"][et_pb_text admin_label= \"Farbblock\" _builder_version= \"4.17.3\u2033 _module_preset= \"default\" background_color= \"#000000\u2033 width= \"100%\" max_width= \"100%\" height= \"140px\" global_colors_info= \"{} \"][\/et_pb_text][\/et_pb_column][\/et_pb_row][et_pb_row admin_label= \"Titel der Seite \" _builder_version= \"4.17.3\u2033 _module_preset= \"default \" custom_margin= \"100px||||false|false \" global_colors_info= \"{} \"][et_pb_column type= \"4_4\u2033 _builder_version= \"4.17.3\u2033 _module_preset= \"default \" global_colors_info= \"{} \"][et_pb_text admin_label= \"Unsere Leistungen \" _builder_version= \"4.17.3\u2033 _module_preset= \"default \" global_colors_info= \"{} \"]<\/p>\n<h1 class=\"projettitre capital colorc\">Wir rekrutieren<\/h1>\n<p>[\/et_pb_text][et_pb_text admin_label=\u00a0\u00bbChapeau de texte\u00a0\u00bb _builder_version=\u00a0\u00bb4.17.3&Prime; _module_preset=\u00a0\u00bbdefault\u00a0\u00bb width=\u00a0\u00bb100%\u00a0\u00bb max_width=\u00a0\u00bb500px\u00a0\u00bb module_alignment=\u00a0\u00bbleft\u00a0\u00bb text_orientation_tablet=\u00a0\u00bb\u00a0\u00bb text_orientation_phone=\u00a0\u00bbleft\u00a0\u00bb text_orientation_last_edited=\u00a0\u00bbon|phone\u00a0\u00bb global_colors_info=\u00a0\u00bb{}\u00a0\u00bb]<\/p>\n<p class=\"diapotitre colorc\" style=\"text-align: left;\">Haben Sie Lust, Ihren Stein in das gro\u00dfe Geb\u00e4ude der Westschweizer Architektur zu legen?<\/p>\n<p>[\/et_pb_text][et_pb_text admin_label=\u00a0\u00bbChapeau de texte\u00a0\u00bb _builder_version=\u00a0\u00bb4.17.3&Prime; _module_preset=\u00a0\u00bbdefault\u00a0\u00bb width=\u00a0\u00bb100%\u00a0\u00bb max_width=\u00a0\u00bb500px\u00a0\u00bb module_alignment=\u00a0\u00bbleft\u00a0\u00bb text_orientation_tablet=\u00a0\u00bb\u00a0\u00bb text_orientation_phone=\u00a0\u00bbleft\u00a0\u00bb text_orientation_last_edited=\u00a0\u00bbon|phone\u00a0\u00bb global_colors_info=\u00a0\u00bb{}\u00a0\u00bb]<\/p>\n<p class=\"diapotitre colorc\" style=\"text-align: left;\"><em>Nutzen Sie das interaktive Modul unten, um Ihre Bewerbung einzureichen und so einen Job als Architekt oder Experte zu bekommen.<\/em><\/p>\n<p>[\/et_pb_text][\/et_pb_column][\/et_pb_row][et_pb_row _builder_version=\u00a0\u00bb4.17.3&Prime; _module_preset=\u00a0\u00bbdefault\u00a0\u00bb width_tablet=\u00a0\u00bb\u00a0\u00bb width_phone=\u00a0\u00bb95%\u00a0\u00bb width_last_edited=\u00a0\u00bbon|phone\u00a0\u00bb module_alignment=\u00a0\u00bbcenter\u00a0\u00bb custom_padding=\u00a0\u00bb||200px||false|false\u00a0\u00bb module_alignment_tablet=\u00a0\u00bbcenter\u00a0\u00bb module_alignment_phone=\u00a0\u00bbcenter\u00a0\u00bb module_alignment_last_edited=\u00a0\u00bbon|desktop\u00a0\u00bb global_colors_info=\u00a0\u00bb{}\u00a0\u00bb][et_pb_column type=\u00a0\u00bb4_4&Prime; _builder_version=\u00a0\u00bb4.17.3&Prime; _module_preset=\u00a0\u00bbdefault\u00a0\u00bb global_colors_info=\u00a0\u00bb{}\u00a0\u00bb][et_pb_code _builder_version=\u00a0\u00bb4.27.2&Prime; _module_preset=\u00a0\u00bbdefault\u00a0\u00bb width=\u00a0\u00bb100%\u00a0\u00bb max_width=\u00a0\u00bb700px\u00a0\u00bb module_alignment=\u00a0\u00bbleft\u00a0\u00bb hover_enabled=\u00a0\u00bb0&Prime; global_colors_info=\u00a0\u00bb{}\u00a0\u00bb custom_css_free_form=\u00a0\u00bbselector iframe||{||  height:1200px!important;||  width:600px!important;||}\u00a0\u00bb sticky_enabled=\u00a0\u00bb0&Prime;]<!-- [et_pb_line_break_holder] --><!-- [et_pb_line_break_holder] --><!-- [et_pb_line_break_holder] --><!-- [et_pb_line_break_holder] --> <!-- &#091;et_pb_line_break_holder&#093; --><iframe id=\"\" allowtransparency=\"true\" allowfullscreen=\"true\"\n    allow=\"geolocation; microphone; camera\" src=\"https:\/\/my.forms.app\/form\/672b94e9b477db175217abfb\"\n    frameborder=\"0\" style=\"width: 1px; min-width:100%; height:750px; border:none;\"><\/iframe><!-- &#091;et_pb_line_break_holder&#093; --><!-- &#091;et_pb_line_break_holder&#093; -->[\/et_pb_code][\/et_pb_column][\/et_pb_row][\/et_pb_section]<\/p>","protected":false},"excerpt":{"rendered":"<p>Haben Sie Lust, Ihren Stein in das gro\u00dfe Geb\u00e4ude der Westschweizer Architektur zu legen?<br \/>\nRejoignez notre page web d\u00e9di\u00e9e et utilisez le module interactif pour d\u00e9poser votre candidature et d\u00e9crochez un job d&rsquo;architecte ou d&rsquo;expert.<\/p>","protected":false},"author":2,"featured_media":1512,"parent":0,"menu_order":0,"comment_status":"closed","ping_status":"closed","template":"","meta":{"_acf_changed":false,"_et_pb_use_builder":"on","_et_pb_old_content":"","_et_gb_content_width":"","footnotes":""},"class_list":["post-1479","page","type-page","status-publish","has-post-thumbnail","hentry"],"acf":[],"_links":{"self":[{"href":"https:\/\/ricq.ch\/de\/wp-json\/wp\/v2\/pages\/1479","targetHints":{"allow":["GET"]}}],"collection":[{"href":"https:\/\/ricq.ch\/de\/wp-json\/wp\/v2\/pages"}],"about":[{"href":"https:\/\/ricq.ch\/de\/wp-json\/wp\/v2\/types\/page"}],"author":[{"embeddable":true,"href":"https:\/\/ricq.ch\/de\/wp-json\/wp\/v2\/users\/2"}],"replies":[{"embeddable":true,"href":"https:\/\/ricq.ch\/de\/wp-json\/wp\/v2\/comments?post=1479"}],"version-history":[{"count":10,"href":"https:\/\/ricq.ch\/de\/wp-json\/wp\/v2\/pages\/1479\/revisions"}],"predecessor-version":[{"id":5206,"href":"https:\/\/ricq.ch\/de\/wp-json\/wp\/v2\/pages\/1479\/revisions\/5206"}],"wp:featuredmedia":[{"embeddable":true,"href":"https:\/\/ricq.ch\/de\/wp-json\/wp\/v2\/media\/1512"}],"wp:attachment":[{"href":"https:\/\/ricq.ch\/de\/wp-json\/wp\/v2\/media?parent=1479"}],"curies":[{"name":"wp","href":"https:\/\/api.w.org\/{rel}","templated":true}]}}